{"id":932,"date":"2023-07-26T14:33:51","date_gmt":"2023-07-26T14:33:51","guid":{"rendered":"https:\/\/collaboro.ipportalegre.pt\/estg\/?page_id=932"},"modified":"2023-07-26T14:33:52","modified_gmt":"2023-07-26T14:33:52","slug":"candidatura-galardao-eco-escolas-22-23-2","status":"publish","type":"page","link":"https:\/\/collaboro.ipportalegre.pt\/estg\/projetos-da-tua-escola\/candidatura-galardao-eco-escolas-22-23-2\/","title":{"rendered":"Candidatura Galard\u00e3o Eco-escolas 22-23"},"content":{"rendered":"\n<div style=\"height:\" aria-hidden=\"true\" class=\"wp-block-spacer\"><\/div>\n\n\n\n<figure class=\"wp-block-image size-full\"><img loading=\"lazy\" decoding=\"async\" width=\"960\" height=\"720\" src=\"https:\/\/collaboro.ipportalegre.pt\/estg\/wp-content\/uploads\/sites\/5\/2023\/07\/Candidatura-Galardao-22-23.jpg\" alt=\"\" class=\"wp-image-846\" srcset=\"https:\/\/collaboro.ipportalegre.pt\/estg\/wp-content\/uploads\/sites\/5\/2023\/07\/Candidatura-Galardao-22-23.jpg 960w, https:\/\/collaboro.ipportalegre.pt\/estg\/wp-content\/uploads\/sites\/5\/2023\/07\/Candidatura-Galardao-22-23-300x225.jpg 300w, https:\/\/collaboro.ipportalegre.pt\/estg\/wp-content\/uploads\/sites\/5\/2023\/07\/Candidatura-Galardao-22-23-768x576.jpg 768w\" sizes=\"auto, (max-width: 960px) 100vw, 960px\" \/><figcaption class=\"wp-element-caption\">Candidatura do Eco-Conselho da ESTG ao Galard\u00e3o Eco-Escolas 2022-2023<\/figcaption><\/figure>\n\n\n\n<div style=\"height:30px\" aria-hidden=\"true\" class=\"wp-block-spacer\"><\/div>\n\n\n\n<h2 class=\"wp-block-heading\" style=\"text-transform:uppercase\">FOI APROVADA A candidatura DA ESTG ao galard\u00e3o eco-Escolas 2022-2023!<\/h2>\n\n\n\n<p class=\"has-luminous-vivid-orange-color has-text-color has-medium-font-size\">Candidatura do Eco-Conselho da ESTG<\/p>\n\n\n\n<p>A ESTG recebeu pelo segundo ano consecutivo a aprova\u00e7\u00e3o da sua candidatura ao Galard\u00e3o Eco-Escolas. A candidatura apresentou um total de 28 atividades realizadas ao longo do ano letivo 2022\/2023, de onde se destacam: a cria\u00e7\u00e3o do eco-trilho do Campus Polit\u00e9cnico e a mudan\u00e7a no sistema de recolha dos res\u00edduos do Campus. Estas atividades s\u00f3 foram poss\u00edveis realizar devido ao envolvimento da Comunidade Acad\u00e9mica, alunos, funcion\u00e1rios, docentes e administra\u00e7\u00e3o.<br>Este galard\u00e3o \u00e9 um reconhecimento do trabalho desenvolvido atrav\u00e9s do programa Eco-Escolas e constitui uma forte motiva\u00e7\u00e3o para o desenvolvimento de estrat\u00e9gias em prol de um Campus cada vez mais sustent\u00e1vel.&nbsp;<\/p>\n\n\n\n<p>O desafio para o pr\u00f3ximo ano \u00e9 aprofundar o envolvimento da Comunidade Acad\u00e9mica, pelo que se apela \u00e0 participa\u00e7\u00e3o de toda a Comunidade IPP na defini\u00e7\u00e3o e implementa\u00e7\u00e3o da estrat\u00e9gia Eco-Escolas 2023\/24.&nbsp;<\/p>\n\n\n\n<p>Consultar o Portef\u00f3lio 2022-2023 aqui: <a href=\"https:\/\/smallpdf.com\/pt\/file#s=05c1b809-1865-4ecd-ad8a-18fdf14d8bb1\">https:\/\/smallpdf.com\/pt\/file#s=05c1b809-1865-4ecd-ad8a-18fdf14d8bb1<\/a><\/p>\n\n\n\n<div class=\"wp-block-columns is-layout-flex wp-container-core-columns-is-layout-9d6595d7 wp-block-columns-is-layout-flex\">\n<div class=\"wp-block-column is-vertically-aligned-center is-layout-flow wp-block-column-is-layout-flow\" style=\"flex-basis:33.33%\">\n<div class=\"wp-block-group\"><div class=\"wp-block-group__inner-container is-layout-constrained wp-block-group-is-layout-constrained\">\n<p class=\"has-text-align-left\"><\/p>\n<\/div><\/div>\n<\/div>\n<\/div>\n\n\n\n<div style=\"height:50px\" aria-hidden=\"true\" class=\"wp-block-spacer\"><\/div>\n\n\n\n<p class=\"has-text-align-center\">Ver mais <strong><a href=\"http:\/\/collaboro.ipportalegre.pt\/estg\/projetos-da-tua-escola\/\" data-type=\"page\" data-id=\"214\">PROJETOS DA TUA ESCOLA<\/a><\/strong><\/p>\n","protected":false},"excerpt":{"rendered":"<p>FOI APROVADA A candidatura DA ESTG ao galard\u00e3o eco-Escolas 2022-2023! Candidatura do Eco-Conselho da ESTG A ESTG recebeu pelo segundo ano consecutivo a aprova\u00e7\u00e3o da sua candidatura ao Galard\u00e3o Eco-Escolas. &#8230;<\/p>\n","protected":false},"author":3,"featured_media":0,"parent":214,"menu_order":1,"comment_status":"closed","ping_status":"closed","template":"","meta":{"inline_featured_image":false,"footnotes":""},"class_list":["post-932","page","type-page","status-publish","hentry"],"_links":{"self":[{"href":"https:\/\/collaboro.ipportalegre.pt\/estg\/wp-json\/wp\/v2\/pages\/932","targetHints":{"allow":["GET"]}}],"collection":[{"href":"https:\/\/collaboro.ipportalegre.pt\/estg\/wp-json\/wp\/v2\/pages"}],"about":[{"href":"https:\/\/collaboro.ipportalegre.pt\/estg\/wp-json\/wp\/v2\/types\/page"}],"author":[{"embeddable":true,"href":"https:\/\/collaboro.ipportalegre.pt\/estg\/wp-json\/wp\/v2\/users\/3"}],"replies":[{"embeddable":true,"href":"https:\/\/collaboro.ipportalegre.pt\/estg\/wp-json\/wp\/v2\/comments?post=932"}],"version-history":[{"count":1,"href":"https:\/\/collaboro.ipportalegre.pt\/estg\/wp-json\/wp\/v2\/pages\/932\/revisions"}],"predecessor-version":[{"id":933,"href":"https:\/\/collaboro.ipportalegre.pt\/estg\/wp-json\/wp\/v2\/pages\/932\/revisions\/933"}],"up":[{"embeddable":true,"href":"https:\/\/collaboro.ipportalegre.pt\/estg\/wp-json\/wp\/v2\/pages\/214"}],"wp:attachment":[{"href":"https:\/\/collaboro.ipportalegre.pt\/estg\/wp-json\/wp\/v2\/media?parent=932"}],"curies":[{"name":"wp","href":"https:\/\/api.w.org\/{rel}","templated":true}]}}