{"id":828,"date":"2023-07-26T11:20:51","date_gmt":"2023-07-26T11:20:51","guid":{"rendered":"https:\/\/collaboro.ipportalegre.pt\/estg\/?page_id=828"},"modified":"2023-07-26T14:30:56","modified_gmt":"2023-07-26T14:30:56","slug":"inauguracao-do-eco-trilho-do-campus","status":"publish","type":"page","link":"https:\/\/collaboro.ipportalegre.pt\/estg\/projetos-da-tua-escola\/inauguracao-do-eco-trilho-do-campus\/","title":{"rendered":"Ecoilhas no Campus"},"content":{"rendered":"\n<div style=\"height:\" aria-hidden=\"true\" class=\"wp-block-spacer\"><\/div>\n\n\n\n<figure class=\"wp-block-image size-large\"><img loading=\"lazy\" decoding=\"async\" width=\"1024\" height=\"768\" src=\"https:\/\/collaboro.ipportalegre.pt\/estg\/wp-content\/uploads\/sites\/5\/2023\/07\/IMG-20230522-WA0005-1024x768.jpg\" alt=\"\" class=\"wp-image-829\" srcset=\"https:\/\/collaboro.ipportalegre.pt\/estg\/wp-content\/uploads\/sites\/5\/2023\/07\/IMG-20230522-WA0005-1024x768.jpg 1024w, https:\/\/collaboro.ipportalegre.pt\/estg\/wp-content\/uploads\/sites\/5\/2023\/07\/IMG-20230522-WA0005-300x225.jpg 300w, https:\/\/collaboro.ipportalegre.pt\/estg\/wp-content\/uploads\/sites\/5\/2023\/07\/IMG-20230522-WA0005-768x576.jpg 768w, https:\/\/collaboro.ipportalegre.pt\/estg\/wp-content\/uploads\/sites\/5\/2023\/07\/IMG-20230522-WA0005-1536x1152.jpg 1536w, https:\/\/collaboro.ipportalegre.pt\/estg\/wp-content\/uploads\/sites\/5\/2023\/07\/IMG-20230522-WA0005.jpg 2048w\" sizes=\"auto, (max-width: 1024px) 100vw, 1024px\" \/><figcaption class=\"wp-element-caption\">Fotografia de Carolina Santos: todos os estudantes que ajudaram a montar as eco\u00edlhas.<\/figcaption><\/figure>\n\n\n\n<div style=\"height:30px\" aria-hidden=\"true\" class=\"wp-block-spacer\"><\/div>\n\n\n\n<h2 class=\"wp-block-heading\" style=\"text-transform:uppercase\">Recolha de res\u00edduos mais eco, no campus!<\/h2>\n\n\n\n<p class=\"has-luminous-vivid-orange-color has-text-color has-medium-font-size\">ECO\u00cdLHAS para separa\u00e7\u00e3o da recolha de res\u00edduos no Campus Polit\u00e9cnico<\/p>\n\n\n\n<p><\/p>\n\n\n\n<div class=\"wp-block-columns is-layout-flex wp-container-core-columns-is-layout-9d6595d7 wp-block-columns-is-layout-flex\">\n<div class=\"wp-block-column is-layout-flow wp-block-column-is-layout-flow\" style=\"flex-basis:33.33%\">\n<p>A partir de maio de 2023, o Campus Polit\u00e9cnico tem uma recolha seletiva dos principais res\u00edduos produzidos: papel, pl\u00e1stico, vidro, org\u00e2nico e lixo indiferenciado.<\/p>\n\n\n\n<p>Esta separa\u00e7\u00e3o ser\u00e1 fundamental na gest\u00e3o dos res\u00edduos produzidos no Campus, mas tamb\u00e9m no complemento \u00e0 forma\u00e7\u00e3o, uma vez que permite \u00e0 comunidade acad\u00e9mica realizar comportamentos mais sustent\u00e1veis. Os tradicionais caixotes do lixo foram retirados e substitu\u00eddos por eco\u00edlhas, onde a separa\u00e7\u00e3o dos res\u00edduos e a coloca\u00e7\u00e3o no contentor adequado facilita e fomenta comportamentos  mais amigos do ambiente.<\/p>\n<\/div>\n\n\n\n<div class=\"wp-block-column is-layout-flow wp-block-column-is-layout-flow\" style=\"flex-basis:66.66%\"><div class=\"wp-block-image\">\n<figure class=\"aligncenter size-large is-resized\"><img loading=\"lazy\" decoding=\"async\" src=\"https:\/\/collaboro.ipportalegre.pt\/estg\/wp-content\/uploads\/sites\/5\/2023\/07\/IMG-20230522-WA0004-1024x768.jpg\" alt=\"\" class=\"wp-image-830\" width=\"541\" height=\"405\" srcset=\"https:\/\/collaboro.ipportalegre.pt\/estg\/wp-content\/uploads\/sites\/5\/2023\/07\/IMG-20230522-WA0004-1024x768.jpg 1024w, https:\/\/collaboro.ipportalegre.pt\/estg\/wp-content\/uploads\/sites\/5\/2023\/07\/IMG-20230522-WA0004-300x225.jpg 300w, https:\/\/collaboro.ipportalegre.pt\/estg\/wp-content\/uploads\/sites\/5\/2023\/07\/IMG-20230522-WA0004-768x576.jpg 768w, https:\/\/collaboro.ipportalegre.pt\/estg\/wp-content\/uploads\/sites\/5\/2023\/07\/IMG-20230522-WA0004-1536x1152.jpg 1536w, https:\/\/collaboro.ipportalegre.pt\/estg\/wp-content\/uploads\/sites\/5\/2023\/07\/IMG-20230522-WA0004.jpg 2000w\" sizes=\"auto, (max-width: 541px) 100vw, 541px\" \/><figcaption class=\"wp-element-caption\">Eco\u00edlha para separa\u00e7\u00e3o de res\u00edduos: vidro, papel, pl\u00e1stico, indiferenciado e org\u00e2nico<\/figcaption><\/figure>\n<\/div><\/div>\n<\/div>\n\n\n\n<div style=\"height:50px\" aria-hidden=\"true\" class=\"wp-block-spacer\"><\/div>\n\n\n\n<p class=\"has-text-align-center\">Ver mais <strong><a href=\"http:\/\/collaboro.ipportalegre.pt\/estg\/projetos-da-tua-escola\/\" data-type=\"page\" data-id=\"214\">PROJETOS DA TUA ESCOLA<\/a><\/strong><\/p>\n","protected":false},"excerpt":{"rendered":"<p>Recolha de res\u00edduos mais eco, no campus! ECO\u00cdLHAS para separa\u00e7\u00e3o da recolha de res\u00edduos no Campus Polit\u00e9cnico A partir de maio de 2023, o Campus Polit\u00e9cnico tem uma recolha seletiva &#8230;<\/p>\n","protected":false},"author":3,"featured_media":0,"parent":214,"menu_order":1,"comment_status":"closed","ping_status":"closed","template":"","meta":{"inline_featured_image":false,"footnotes":""},"class_list":["post-828","page","type-page","status-publish","hentry"],"_links":{"self":[{"href":"https:\/\/collaboro.ipportalegre.pt\/estg\/wp-json\/wp\/v2\/pages\/828","targetHints":{"allow":["GET"]}}],"collection":[{"href":"https:\/\/collaboro.ipportalegre.pt\/estg\/wp-json\/wp\/v2\/pages"}],"about":[{"href":"https:\/\/collaboro.ipportalegre.pt\/estg\/wp-json\/wp\/v2\/types\/page"}],"author":[{"embeddable":true,"href":"https:\/\/collaboro.ipportalegre.pt\/estg\/wp-json\/wp\/v2\/users\/3"}],"replies":[{"embeddable":true,"href":"https:\/\/collaboro.ipportalegre.pt\/estg\/wp-json\/wp\/v2\/comments?post=828"}],"version-history":[{"count":4,"href":"https:\/\/collaboro.ipportalegre.pt\/estg\/wp-json\/wp\/v2\/pages\/828\/revisions"}],"predecessor-version":[{"id":927,"href":"https:\/\/collaboro.ipportalegre.pt\/estg\/wp-json\/wp\/v2\/pages\/828\/revisions\/927"}],"up":[{"embeddable":true,"href":"https:\/\/collaboro.ipportalegre.pt\/estg\/wp-json\/wp\/v2\/pages\/214"}],"wp:attachment":[{"href":"https:\/\/collaboro.ipportalegre.pt\/estg\/wp-json\/wp\/v2\/media?parent=828"}],"curies":[{"name":"wp","href":"https:\/\/api.w.org\/{rel}","templated":true}]}}