{"id":659,"date":"2023-03-14T15:45:59","date_gmt":"2023-03-14T15:45:59","guid":{"rendered":"http:\/\/collaboro.ipportalegre.pt\/estg\/?page_id=659"},"modified":"2023-03-23T17:38:02","modified_gmt":"2023-03-23T17:38:02","slug":"desafio-divulga-uma-arvore","status":"publish","type":"page","link":"https:\/\/collaboro.ipportalegre.pt\/estg\/projetos-da-tua-escola\/desafio-divulga-uma-arvore\/","title":{"rendered":"Desafio &#8220;Divulga uma \u00c1rvore&#8221;"},"content":{"rendered":"\n<figure class=\"wp-block-image size-full\"><img loading=\"lazy\" decoding=\"async\" width=\"901\" height=\"701\" src=\"http:\/\/collaboro.ipportalegre.pt\/estg\/wp-content\/uploads\/sites\/5\/2023\/03\/Esco-ESTG_Destaque-2.png\" alt=\"\" class=\"wp-image-687\" srcset=\"https:\/\/collaboro.ipportalegre.pt\/estg\/wp-content\/uploads\/sites\/5\/2023\/03\/Esco-ESTG_Destaque-2.png 901w, https:\/\/collaboro.ipportalegre.pt\/estg\/wp-content\/uploads\/sites\/5\/2023\/03\/Esco-ESTG_Destaque-2-300x233.png 300w, https:\/\/collaboro.ipportalegre.pt\/estg\/wp-content\/uploads\/sites\/5\/2023\/03\/Esco-ESTG_Destaque-2-768x598.png 768w\" sizes=\"auto, (max-width: 901px) 100vw, 901px\" \/><\/figure>\n\n\n\n<div style=\"height:30px\" aria-hidden=\"true\" class=\"wp-block-spacer\"><\/div>\n\n\n\n<h2 class=\"wp-block-heading\"><strong>&#8220;<a href=\"http:\/\/collaboro.ipportalegre.pt\/estg\/projetos-da-tua-escola\/desafio-divulga-uma-arvore\/\" data-type=\"page\" data-id=\"659\">DIVULGA UMA \u00c1RVORE<\/a>&#8220;<\/strong><\/h2>\n\n\n\n<h3 class=\"has-luminous-vivid-orange-color has-text-color wp-block-heading\">Dia Mundial da \u00c1rvore # Dia Mundial das Florestas. 21 de mar\u00e7o<\/h3>\n\n\n\n<p><\/p>\n\n\n\n<p><strong>DESAFIO<\/strong> <strong>\u201cDIVULGA UMA \u00c1RVORE\u201d<\/strong><\/p>\n\n\n\n<p>As \u00e1rvores e as florestas s\u00e3o essenciais ao equil\u00edbrio do ecossistema e \u00e0 manuten\u00e7\u00e3o da vida na Terra. Para assinalar o Dia Mundial da \u00c1rvore e o Dia Mundial das Florestas, o programa Eco-Escolas da ESTG lan\u00e7ou um desafio a toda a comunidade acad\u00e9mica: escolher de entre as \u00e1rvores do Campus Polit\u00e9cnico uma \u00e1rvore aut\u00f3ctone e realizar um registo fotogr\u00e1fico, desenhado, ou outro, acompanhado da identifica\u00e7\u00e3o da \u00e1rvore.<\/p>\n\n\n\n<p><\/p>\n\n\n\n<p>Obrigada a todos os que nos ajudaram a divulgar as \u00c1RVORES do Campus Polit\u00e9cnico! <\/p>\n\n\n\n<p>Tiago Silva: desenhou o <a href=\"http:\/\/collaboro.ipportalegre.pt\/estg\/wp-content\/uploads\/sites\/5\/2023\/03\/Sobreiro-Tiago-Silva.jpg\" data-type=\"attachment\" data-id=\"708\">sobreiro<\/a>, a <a href=\"http:\/\/collaboro.ipportalegre.pt\/estg\/wp-content\/uploads\/sites\/5\/2023\/03\/oliveira-tiago-sil.jpg\" data-type=\"attachment\" data-id=\"707\">oliveira <\/a>e o carvalho-negral (<a href=\"http:\/\/collaboro.ipportalegre.pt\/estg\/wp-content\/uploads\/sites\/5\/2023\/03\/carvalho-negral-Tiago-sil.jpg\" data-type=\"attachment\" data-id=\"706\">1<\/a>) (<a href=\"http:\/\/collaboro.ipportalegre.pt\/estg\/wp-content\/uploads\/sites\/5\/2023\/03\/carvalho-negral-Tiago-Silva-1.jpg\" data-type=\"attachment\" data-id=\"705\">2<\/a>) (<a href=\"http:\/\/collaboro.ipportalegre.pt\/estg\/wp-content\/uploads\/sites\/5\/2023\/03\/Carvalho-negral-tiago-silva.jpg\" data-type=\"attachment\" data-id=\"704\">3<\/a>).<\/p>\n\n\n\n<p>Sofia Ceia: desenhou a <a href=\"http:\/\/collaboro.ipportalegre.pt\/estg\/wp-content\/uploads\/sites\/5\/2023\/03\/sofia-oliveira.jpg\" data-type=\"attachment\" data-id=\"702\">oliveira<\/a>, o <a href=\"http:\/\/collaboro.ipportalegre.pt\/estg\/wp-content\/uploads\/sites\/5\/2023\/03\/sofia-sobreiro.jpg\" data-type=\"attachment\" data-id=\"703\">sobreiro<\/a>, a <a href=\"http:\/\/collaboro.ipportalegre.pt\/estg\/wp-content\/uploads\/sites\/5\/2023\/03\/sofia-azinheira.jpg\" data-type=\"attachment\" data-id=\"700\">azinheira <\/a>e o <a href=\"http:\/\/collaboro.ipportalegre.pt\/estg\/wp-content\/uploads\/sites\/5\/2023\/03\/sofia-carvalho-negral.jpg\" data-type=\"attachment\" data-id=\"701\">carvalho-negral<\/a>.<\/p>\n\n\n\n<p>Marta Roberto: desenhou os <a href=\"http:\/\/collaboro.ipportalegre.pt\/estg\/wp-content\/uploads\/sites\/5\/2023\/03\/Choupo-_Marta-Roberto.jpg\" data-type=\"attachment\" data-id=\"692\">choupos<\/a>.<\/p>\n\n\n\n<p>Rodrigo Pereira: desenhou a <a href=\"http:\/\/collaboro.ipportalegre.pt\/estg\/wp-content\/uploads\/sites\/5\/2023\/03\/oliveria-Rodrigo-Pereira.jpg\" data-type=\"attachment\" data-id=\"721\">oliveira<\/a> e o sobreiro (<a href=\"http:\/\/collaboro.ipportalegre.pt\/estg\/wp-content\/uploads\/sites\/5\/2023\/03\/sobreiro1-Rodrigo-Pereira.jpg\" data-type=\"attachment\" data-id=\"694\">1<\/a>) (<a href=\"http:\/\/collaboro.ipportalegre.pt\/estg\/wp-content\/uploads\/sites\/5\/2023\/03\/sobreiro2-Rodrigo-Pereira.jpg\" data-type=\"attachment\" data-id=\"695\">2<\/a>).<\/p>\n\n\n\n<p>Tiago Magalh\u00e3es: desenhou os <a href=\"http:\/\/collaboro.ipportalegre.pt\/estg\/wp-content\/uploads\/sites\/5\/2023\/03\/Choupos-_Tiago-magalhaes.jpg\" data-type=\"attachment\" data-id=\"693\">choupos<\/a>.<\/p>\n\n\n\n<p>Jo\u00e3o Sequeira: desenhou o <a href=\"http:\/\/collaboro.ipportalegre.pt\/estg\/wp-content\/uploads\/sites\/5\/2023\/03\/estg-Carvalho-Negral-2.jpg\" data-type=\"attachment\" data-id=\"725\">carvalho-negral<\/a> e as <a href=\"http:\/\/collaboro.ipportalegre.pt\/estg\/wp-content\/uploads\/sites\/5\/2023\/03\/estg-olival-2.jpg\" data-type=\"attachment\" data-id=\"720\">oliveiras<\/a>.<\/p>\n\n\n\n<p>Jos\u00e9lia Pedro. desenhou o <a href=\"http:\/\/collaboro.ipportalegre.pt\/estg\/wp-content\/uploads\/sites\/5\/2023\/03\/Sobreiro-jp.jpg\" data-type=\"attachment\" data-id=\"690\">sobreiro<\/a>.<\/p>\n\n\n\n<p>Luiz Rodrigues: fotografou o <a href=\"http:\/\/collaboro.ipportalegre.pt\/estg\/wp-content\/uploads\/sites\/5\/2023\/03\/20230315_180153.jpg\" data-type=\"attachment\" data-id=\"711\">cedro dos Himalaias<\/a> que apesar de n\u00e3o ser aut\u00f3ctone recebe-nos todos os dias \u00e0 entrada da ESTG.<\/p>\n\n\n\n<div style=\"height:30px\" aria-hidden=\"true\" class=\"wp-block-spacer\"><\/div>\n\n\n\n<p><\/p>\n\n\n\n<p>Um agradecimento especial ao professor Jo\u00e3o Sequeira pelo incentivo \u00e0 participa\u00e7\u00e3o dos estudantes!<\/p>\n\n\n\n<p>.<\/p>\n\n\n\n<div style=\"height:50px\" aria-hidden=\"true\" class=\"wp-block-spacer\"><\/div>\n\n\n\n<p class=\"has-text-align-center\">Ver mais <strong><a href=\"http:\/\/collaboro.ipportalegre.pt\/estg\/projetos-da-tua-escola\/\" data-type=\"page\" data-id=\"214\">PROJETOS DA TUA ESCOLA<\/a><\/strong><\/p>\n","protected":false},"excerpt":{"rendered":"<p>&#8220;DIVULGA UMA \u00c1RVORE&#8220; Dia Mundial da \u00c1rvore # Dia Mundial das Florestas. 21 de mar\u00e7o DESAFIO \u201cDIVULGA UMA \u00c1RVORE\u201d As \u00e1rvores e as florestas s\u00e3o essenciais ao equil\u00edbrio do ecossistema &#8230;<\/p>\n","protected":false},"author":3,"featured_media":0,"parent":214,"menu_order":1,"comment_status":"closed","ping_status":"closed","template":"","meta":{"inline_featured_image":false,"footnotes":""},"class_list":["post-659","page","type-page","status-publish","hentry"],"_links":{"self":[{"href":"https:\/\/collaboro.ipportalegre.pt\/estg\/wp-json\/wp\/v2\/pages\/659","targetHints":{"allow":["GET"]}}],"collection":[{"href":"https:\/\/collaboro.ipportalegre.pt\/estg\/wp-json\/wp\/v2\/pages"}],"about":[{"href":"https:\/\/collaboro.ipportalegre.pt\/estg\/wp-json\/wp\/v2\/types\/page"}],"author":[{"embeddable":true,"href":"https:\/\/collaboro.ipportalegre.pt\/estg\/wp-json\/wp\/v2\/users\/3"}],"replies":[{"embeddable":true,"href":"https:\/\/collaboro.ipportalegre.pt\/estg\/wp-json\/wp\/v2\/comments?post=659"}],"version-history":[{"count":20,"href":"https:\/\/collaboro.ipportalegre.pt\/estg\/wp-json\/wp\/v2\/pages\/659\/revisions"}],"predecessor-version":[{"id":762,"href":"https:\/\/collaboro.ipportalegre.pt\/estg\/wp-json\/wp\/v2\/pages\/659\/revisions\/762"}],"up":[{"embeddable":true,"href":"https:\/\/collaboro.ipportalegre.pt\/estg\/wp-json\/wp\/v2\/pages\/214"}],"wp:attachment":[{"href":"https:\/\/collaboro.ipportalegre.pt\/estg\/wp-json\/wp\/v2\/media?parent=659"}],"curies":[{"name":"wp","href":"https:\/\/api.w.org\/{rel}","templated":true}]}}