{"id":591,"date":"2023-02-16T15:34:29","date_gmt":"2023-02-16T15:34:29","guid":{"rendered":"http:\/\/collaboro.ipportalegre.pt\/estg\/?page_id=591"},"modified":"2023-03-14T16:31:05","modified_gmt":"2023-03-14T16:31:05","slug":"a-arte-de-fotografar-a-natureza-2","status":"publish","type":"page","link":"https:\/\/collaboro.ipportalegre.pt\/estg\/projetos-da-tua-escola\/a-arte-de-fotografar-a-natureza-2\/","title":{"rendered":"A Arte de Fotografar a Natureza"},"content":{"rendered":"\n<div style=\"height:\" aria-hidden=\"true\" class=\"wp-block-spacer\"><\/div>\n\n\n\n<figure class=\"wp-block-image size-large\"><img decoding=\"async\" src=\"http:\/\/collaboro.ipportalegre.pt\/estg\/wp-content\/uploads\/sites\/5\/2023\/02\/lince-2-1024x443.jpg\" alt=\"\" class=\"wp-image-618\" \/><figcaption class=\"wp-element-caption\">Fotografia  de Ricardo Louren\u00e7o<\/figcaption><\/figure>\n\n\n\n<div style=\"height:30px\" aria-hidden=\"true\" class=\"wp-block-spacer\"><\/div>\n\n\n\n<h2 class=\"wp-block-heading\" style=\"text-transform:uppercase\"><strong>A<a href=\"http:\/\/collaboro.ipportalegre.pt\/estg\/projetos-da-tua-escola\/a-arte-de-fotografar-a-natureza-2\/\" data-type=\"page\" data-id=\"591\"> Arte de Fotografar a Natureza<\/a><\/strong><\/h2>\n\n\n\n<p class=\"has-luminous-vivid-orange-color has-text-color has-medium-font-size\">Por Ricardo Louren\u00e7o<\/p>\n\n\n\n<p><\/p>\n\n\n\n<div class=\"wp-block-columns is-layout-flex wp-container-core-columns-is-layout-9d6595d7 wp-block-columns-is-layout-flex\">\n<div class=\"wp-block-column is-layout-flow wp-block-column-is-layout-flow\" style=\"flex-basis:33.33%\">\n<p>A Arte de Fotografar a Natureza, uma apresenta\u00e7\u00e3o de Ricardo Louren\u00e7o realizada no \u00e2mbito do programa Eco-Escolas, teve como principal objetivo mostrar \u00e0 comunidade o poder da comunica\u00e7\u00e3o e da imagem na constru\u00e7\u00e3o da biofilia e da preserva\u00e7\u00e3o das esp\u00e9cies. Os registos audiovisuais da vida selvagem do Campus, revelados durante a apresenta\u00e7\u00e3o, mostram-nos o outro lado do Campus, rico em fauna, e cheio de outras vidas e hist\u00f3rias que partilham connosco o mesmo lugar.<\/p>\n<\/div>\n\n\n\n<div class=\"wp-block-column is-layout-flow wp-block-column-is-layout-flow\" style=\"flex-basis:66.66%\">\n<figure class=\"wp-block-embed is-type-video is-provider-youtube wp-block-embed-youtube wp-embed-aspect-16-9 wp-has-aspect-ratio\"><div class=\"wp-block-embed__wrapper\">\n<iframe loading=\"lazy\" title=\"Arte de Fotografar a Natureza - Ricardo Louren\u00e7o\" width=\"800\" height=\"450\" src=\"https:\/\/www.youtube.com\/embed\/r6FJp0xtnLE?feature=oembed\" frameborder=\"0\" allow=\"accelerometer; autoplay; clipboard-write; encrypted-media; gyroscope; picture-in-picture; web-share\" allowfullscreen><\/iframe>\n<\/div><\/figure>\n<\/div>\n<\/div>\n\n\n\n<div style=\"height:50px\" aria-hidden=\"true\" class=\"wp-block-spacer\"><\/div>\n\n\n\n<p class=\"has-text-align-center\">Ver mais <strong><a href=\"http:\/\/collaboro.ipportalegre.pt\/estg\/projetos-da-tua-escola\/\" data-type=\"page\" data-id=\"214\">PROJETOS DA TUA ESCOLA<\/a><\/strong><\/p>\n","protected":false},"excerpt":{"rendered":"<p>A Arte de Fotografar a Natureza Por Ricardo Louren\u00e7o A Arte de Fotografar a Natureza, uma apresenta\u00e7\u00e3o de Ricardo Louren\u00e7o realizada no \u00e2mbito do programa Eco-Escolas, teve como principal objetivo &#8230;<\/p>\n","protected":false},"author":3,"featured_media":0,"parent":214,"menu_order":1,"comment_status":"closed","ping_status":"closed","template":"","meta":{"inline_featured_image":false,"footnotes":""},"class_list":["post-591","page","type-page","status-publish","hentry"],"_links":{"self":[{"href":"https:\/\/collaboro.ipportalegre.pt\/estg\/wp-json\/wp\/v2\/pages\/591","targetHints":{"allow":["GET"]}}],"collection":[{"href":"https:\/\/collaboro.ipportalegre.pt\/estg\/wp-json\/wp\/v2\/pages"}],"about":[{"href":"https:\/\/collaboro.ipportalegre.pt\/estg\/wp-json\/wp\/v2\/types\/page"}],"author":[{"embeddable":true,"href":"https:\/\/collaboro.ipportalegre.pt\/estg\/wp-json\/wp\/v2\/users\/3"}],"replies":[{"embeddable":true,"href":"https:\/\/collaboro.ipportalegre.pt\/estg\/wp-json\/wp\/v2\/comments?post=591"}],"version-history":[{"count":9,"href":"https:\/\/collaboro.ipportalegre.pt\/estg\/wp-json\/wp\/v2\/pages\/591\/revisions"}],"predecessor-version":[{"id":671,"href":"https:\/\/collaboro.ipportalegre.pt\/estg\/wp-json\/wp\/v2\/pages\/591\/revisions\/671"}],"up":[{"embeddable":true,"href":"https:\/\/collaboro.ipportalegre.pt\/estg\/wp-json\/wp\/v2\/pages\/214"}],"wp:attachment":[{"href":"https:\/\/collaboro.ipportalegre.pt\/estg\/wp-json\/wp\/v2\/media?parent=591"}],"curies":[{"name":"wp","href":"https:\/\/api.w.org\/{rel}","templated":true}]}}