{"id":214,"date":"2022-10-13T08:43:16","date_gmt":"2022-10-13T08:43:16","guid":{"rendered":"http:\/\/collaboro.ipportalegre.pt\/estg\/?page_id=214"},"modified":"2025-05-19T08:59:56","modified_gmt":"2025-05-19T08:59:56","slug":"projetos-da-tua-escola","status":"publish","type":"page","link":"https:\/\/collaboro.ipportalegre.pt\/estg\/projetos-da-tua-escola\/","title":{"rendered":"Eco-Projetos da tua Escola"},"content":{"rendered":"\n<p><p><strong>AGENDA 2025<\/strong><\/p><br><p>Maio 2025- <a href=\"https:\/\/collaboro.ipportalegre.pt\/estg\/projetos-da-tua-escola\/coa-mais-selvagem\/\"><strong>Dias do Ambiente 2025* &#8220;C\u00f4a Mais Selvagem&#8221;<\/strong><\/a><\/p><br><p>Maio 2025- <a href=\"https:\/\/collaboro.ipportalegre.pt\/estg\/projetos-da-tua-escola\/dias-do-ambiente-2\/\" data-type=\"page\" data-id=\"1223\"><strong>Dias do Ambiente 2025<\/strong><\/a><\/p><br><p>\u00a0<\/p><br><p><strong>ATIVIDADES 2024\/2025<\/strong><\/p><\/p>\n\n\n\n<p><br>Maio 2025 &#8211; <strong><a href=\"https:\/\/collaboro.ipportalegre.pt\/estg\/projetos-da-tua-escola\/dias-do-ambiente-2025-ecopiquenique\/\" data-type=\"page\" data-id=\"1348\">Dias do Ambiente 2025* EcoPiquenique<\/a><\/strong><\/p>\n\n\n\n<p>Maio 2025 &#8211; <a href=\"https:\/\/collaboro.ipportalegre.pt\/estg\/projetos-da-tua-escola\/dias-do-ambiente-2025-remocao-de-invasoras-pnssm\/\" data-type=\"page\" data-id=\"1296\"><strong>Dias do Ambiente 2025* Workshop de Fotografia com Ricardo Louren\u00e7o<\/strong><\/a><\/p>\n\n\n\n<p>Maio 2025 &#8211; <strong><a href=\"https:\/\/collaboro.ipportalegre.pt\/estg\/projetos-da-tua-escola\/dias-do-ambiente-2025-remocao-de-especies-exoticas-no-pnssm\/\" data-type=\"page\" data-id=\"1328\">Dias do Ambiente 2025* Remo\u00e7\u00e3o de Esp\u00e9cies Ex\u00f3ticas PNSSM<\/a><\/strong><\/p>\n\n\n\n<p class=\"has-cyan-bluish-gray-color has-text-color has-link-color wp-elements-4cf7526fecc961a64fd73ad7ba7d24ef\">Janeiro 2025- <a href=\"https:\/\/collaboro.ipportalegre.pt\/estg\/projetos-da-tua-escola\/visita-grafica-sustentavel-lappi-calipolense\/\" data-type=\"page\" data-id=\"1223\"><strong>Visita a uma gr\u00e1fica sustent\u00e1vel- Lapp\u00ed Calipolense<\/strong><\/a><\/p>\n\n\n\n<p class=\"has-cyan-bluish-gray-color has-text-color has-link-color has-small-font-size wp-elements-80a77c6f518964f7a84dd7cd4b2d317f\">Dezembro 2024 &#8211; <strong><a href=\"https:\/\/collaboro.ipportalegre.pt\/estg\/projetos-da-tua-escola\/almoco-de-natal-intercultural\/\">Almo\u00e7o de Natal Intercultural 2024<\/a><\/strong><\/p>\n\n\n\n<p class=\"has-cyan-bluish-gray-color has-text-color has-link-color has-small-font-size wp-elements-266b07bba24cf63508eb0b942a9f9808\">Dezembro 2024 &#8211; <a href=\"https:\/\/collaboro.ipportalegre.pt\/estg\/projetos-da-tua-escola\/dia-da-floresta-autoctone-2\/\"><strong>Galard\u00e3o EcoCampus 2024<\/strong><\/a><\/p>\n\n\n\n<p class=\"has-cyan-bluish-gray-color has-text-color has-link-color has-small-font-size wp-elements-3d97bc4b49fdb1be9a7616b9e1a643aa\"><a href=\"https:\/\/collaboro.ipportalegre.pt\/estg\/projetos-da-tua-escola\/candidatura-galardao-eco-escolas-23-24\/(abre num novo separador)\"><span style=\"color: #808080\">Novembro 2024<\/span> &#8211;<\/a> <strong><a href=\"https:\/\/collaboro.ipportalegre.pt\/estg\/projetos-da-tua-escola\/dendrometria-de-choupos\/\">Dendrometria de Choupos no Campus<\/a><\/strong><\/p>\n\n\n\n<p class=\"has-cyan-bluish-gray-color has-text-color has-link-color has-small-font-size wp-elements-d54465c69839e6f774245ef801f89f7e\">Novembro 2024 &#8211; <a href=\"https:\/\/collaboro.ipportalegre.pt\/estg\/projetos-da-tua-escola\/dia-da-crianca-africana\/\"><strong>Dia da Crian\u00e7a Africana\/ Fotopalestra com Jos\u00e9 Matos Alves<\/strong><\/a><\/p>\n\n\n\n<p class=\"has-cyan-bluish-gray-color has-text-color has-link-color has-small-font-size wp-elements-44a485b05f8216a173486d5edecb0ce7\"><a href=\"https:\/\/collaboro.ipportalegre.pt\/estg\/projetos-da-tua-escola\/candidatura-galardao-eco-escolas-23-24\/(abre num novo separador)\"><span style=\"color: #808080\">Novembro 2024<\/span> &#8211;<\/a> <a href=\"https:\/\/collaboro.ipportalegre.pt\/estg\/projetos-da-tua-escola\/visita-a-valnor\/\"><strong>Visita de Estudo \u00e0 Valnor<\/strong><\/a><\/p>\n\n\n\n<p class=\"has-cyan-bluish-gray-color has-text-color has-link-color has-small-font-size wp-elements-4f27c43d21b60677ff2bee066039b1c4\"><p class=\"has-cyan-bluish-gray-color has-text-color has-link-color has-small-font-size\"><a href=\"https:\/\/collaboro.ipportalegre.pt\/estg\/projetos-da-tua-escola\/candidatura-galardao-eco-escolas-23-24\/(abre num novo separador)\"><span style=\"color: #808080\">Novembro 2024<\/span> &#8211;<\/a> <a href=\"https:\/\/collaboro.ipportalegre.pt\/estg\/projetos-da-tua-escola\/dia-da-floresta-autoctone\/\"><strong>Dia da Floresta Aut\u00f3ctone\/ 23 de novembro<\/strong><\/a><\/p>\n<p><strong>ATIVIDADES 2023\/2024<\/strong><\/p><\/p>\n\n\n\n<p class=\"has-cyan-bluish-gray-color has-text-color has-link-color has-small-font-size wp-elements-ec00ded4700e41ca3e41767cd978b95c\"><a href=\"https:\/\/collaboro.ipportalegre.pt\/estg\/projetos-da-tua-escola\/candidatura-galardao-eco-escolas-23-24\/(abre num novo separador)\"><span style=\"color: #808080\">Julho 2024<\/span> &#8211;<\/a><a href=\"http:\/\/collaboro.ipportalegre.pt\/estg\/projetos-da-tua-escola\/candidatura-galardao-eco-escolas-23-24\/\"> <strong>Candidatura Eco-Escolas <strong>2023-2024<\/strong><\/strong> <strong>aprovada<\/strong><\/a><\/p>\n\n\n\n<p class=\"has-cyan-bluish-gray-color has-text-color has-link-color has-small-font-size wp-elements-5d5026e22815dfb679bc6303cf67c21b\"><a href=\"https:\/\/collaboro.ipportalegre.pt\/estg\/projetos-da-tua-escola\/candidatura-galardao-eco-escolas-23-24\/(abre num novo separador)\"><span style=\"color: #808080\">Junho 2024<\/span> &#8211;<\/a><strong><a href=\"https:\/\/collaboro.ipportalegre.pt\/estg\/projetos-da-tua-escola\/projeto-cantinho-dos-livros-usados\/\" data-type=\"page\" data-id=\"1038\"> Projeto &#8220;Cantinho dos Livros Usados&#8221;<\/a><\/strong><\/p>\n\n\n\n<p class=\"has-cyan-bluish-gray-color has-text-color has-link-color has-small-font-size wp-elements-c4adf77d92fceae1f795e0066ac0b1f6\"><a href=\"https:\/\/collaboro.ipportalegre.pt\/estg\/projetos-da-tua-escola\/candidatura-galardao-eco-escolas-23-24\/(abre num novo separador)\"><span style=\"color: #808080\">Junho 2024<\/span> &#8211;<\/a><strong> <a href=\"https:\/\/collaboro.ipportalegre.pt\/estg\/projetos-da-tua-escola\/microsite-para-a-biodiversidade\/\" data-type=\"page\" data-id=\"1077\">Proposta de Projeto &#8220;Microsite para a Biodiversidade&#8221;<\/a><\/strong><\/p>\n\n\n\n<p class=\"has-cyan-bluish-gray-color has-text-color has-link-color has-small-font-size wp-elements-f337344af691e130b716bb1e66b800e7\"><a href=\"https:\/\/collaboro.ipportalegre.pt\/estg\/projetos-da-tua-escola\/candidatura-galardao-eco-escolas-23-24\/(abre num novo separador)\"><span style=\"color: #808080\">Junho 2024<\/span> &#8211;<\/a><strong><a href=\"https:\/\/collaboro.ipportalegre.pt\/estg\/projetos-da-tua-escola\/os-sons-do-ecotrilho\/\"> Os Sons do Eco-trilho (DSPM)<\/a><\/strong><\/p>\n\n\n\n<p class=\"has-cyan-bluish-gray-color has-text-color has-link-color has-small-font-size wp-elements-c019bb1222f4f38967d4b110c48ab049\">Maio 2024 &#8211; <strong><a href=\"http:\/\/collaboro.ipportalegre.pt\/estg\/projetos-da-tua-escola\/caminhada-pela-mobilidade\/\">Mobilidade Sustent\u00e1vel no Campus<\/a><\/strong><\/p>\n\n\n\n<p class=\"has-cyan-bluish-gray-color has-text-color has-link-color has-small-font-size wp-elements-f2bdb413ba531addf7169a216ed36cdc\">Maio 2024 &#8211; <a href=\"https:\/\/collaboro.ipportalegre.pt\/estg\/projetos-da-tua-escola\/dia-internacional-da-reciclagem-2024\/\"><strong>Dia Internacional da Reciclagem<\/strong><\/a><\/p>\n\n\n\n<p class=\"has-cyan-bluish-gray-color has-text-color has-link-color has-small-font-size wp-elements-8d1092952e7c66d0520d679d01e28891\">Abril 2024 &#8211; <strong><a href=\"https:\/\/collaboro.ipportalegre.pt\/estg\/projetos-da-tua-escola\/dia-internacional-da-terra-dia-internacional-do-livro\/\" data-type=\"page\" data-id=\"1069\">Dia Internacional da Terra\/ Dia Internacional do Livro<\/a><\/strong><\/p>\n\n\n\n<p class=\"has-cyan-bluish-gray-color has-text-color has-link-color has-small-font-size wp-elements-fdba3be4fdcaf0c927d216e8b5089fe4\"><p class=\"has-cyan-bluish-gray-color has-text-color has-link-color has-small-font-size\">Abril 2024 &#8211; <a href=\"https:\/\/collaboro.ipportalegre.pt\/estg\/projetos-da-tua-escola\/dias-do-ambiente2a-edicao-dia-eco-escolas\/\" data-type=\"page\" data-id=\"1023\"><strong>Dias do Ambiente&#8217; 2\u00aa Edi\u00e7\u00e3o<\/strong>\/ Dia Eco-Escolas<\/a><\/p>\n<p><strong>ATIVIDADES 2022\/2023<\/strong><\/p><\/p>\n\n\n\n<p class=\"has-cyan-bluish-gray-color has-text-color has-link-color has-small-font-size wp-elements-33e07e287b0df8a404ecdea734446067\">Julho 2023 &#8211;<strong><a href=\"https:\/\/collaboro.ipportalegre.pt\/estg\/projetos-da-tua-escola\/candidatura-galardao-eco-escolas-22-23\/\" data-type=\"page\" data-id=\"845\"> Aprovada a Candidatura ESTG ao Galard\u00e3o Eco-Escolas<\/a><\/strong><\/p>\n\n\n\n<p class=\"has-cyan-bluish-gray-color has-text-color has-link-color has-small-font-size wp-elements-023e0e0f9e2b5e53ff2f771e6bf1ac0e\">Junho 2023 &#8211; <strong><a href=\"https:\/\/collaboro.ipportalegre.pt\/estg\/projetos-da-tua-escola\/eco-trilho-do-campus\/\">Inaugura\u00e7\u00e3o do Eco-Trilho do Campus<\/a><\/strong><\/p>\n\n\n\n<p class=\"has-cyan-bluish-gray-color has-text-color has-link-color has-small-font-size wp-elements-5d5128611131448b77bfe2901c4cb3b7\">Maio\/Junho 2023 <strong>&#8211; <a href=\"https:\/\/collaboro.ipportalegre.pt\/estg\/projetos-da-tua-escola\/dias-do-ambiente\/\" data-type=\"page\" data-id=\"940\">Dias do Ambiente&#8217; 1\u00aa Edi\u00e7\u00e3o<\/a><\/strong><a href=\"http:\/\/collaboro.ipportalegre.pt\/estg\/projetos-da-tua-escola\/dias-do-ambiente\/\">\/ Dia Eco-Escolas<\/a><\/p>\n\n\n\n<p class=\"has-cyan-bluish-gray-color has-text-color has-link-color has-small-font-size wp-elements-1155d7bdf8eb3663fac9abed02842a01\">Maio 2023 &#8211;<strong> <a href=\"https:\/\/collaboro.ipportalegre.pt\/estg\/projetos-da-tua-escola\/inauguracao-do-eco-trilho-do-campus\/\" data-type=\"page\" data-id=\"828\">Eco\u00edlhas para separa\u00e7\u00e3o de res\u00edduos<\/a><\/strong><\/p>\n\n\n\n<p class=\"has-cyan-bluish-gray-color has-text-color has-link-color has-small-font-size wp-elements-87dce69c4823b20bbaf0c9d051650222\">Abril 2023 &#8211; <a href=\"http:\/\/collaboro.ipportalegre.pt\/estg\/projetos-da-tua-escola\/formacao-onde-estiver-recicle-sempre\/\" data-type=\"page\" data-id=\"767\"> <strong>Forma\u00e7\u00e3o \u201cOnde Estiver, Recicle Sempre\u201d<\/strong><\/a><\/p>\n\n\n\n<p class=\"has-cyan-bluish-gray-color has-text-color has-link-color has-small-font-size wp-elements-4f2c3d9c6b6475d7640ebe9f1627abd7\">Mar\u00e7o 2023 &#8211;<a href=\"http:\/\/collaboro.ipportalegre.pt\/estg\/projetos-da-tua-escola\/vamos-plantar-arvores\/\" data-type=\"page\" data-id=\"677\"><strong>Dia da \u00c1rvore e das Florestas <\/strong><\/a><\/p>\n\n\n\n<p class=\"has-cyan-bluish-gray-color has-text-color has-link-color has-small-font-size wp-elements-47586a1837c5929c741f8a8b136b2fc4\">Mar\u00e7o 2023 &#8211;<strong> <a href=\"http:\/\/collaboro.ipportalegre.pt\/estg\/projetos-da-tua-escola\/desafio-divulga-uma-arvore\/\" data-type=\"page\" data-id=\"659\">Desafio &#8220;Divulga uma \u00c1rvore&#8221;<\/a><\/strong><\/p>\n\n\n\n<p class=\"has-cyan-bluish-gray-color has-text-color has-link-color has-small-font-size wp-elements-e3e46678f09ce8d83be385abc05a4a65\">Mar\u00e7o 2023 &#8211; <a href=\"http:\/\/collaboro.ipportalegre.pt\/estg\/projetos-da-tua-escola\/ninhos-no-campus\/\" data-type=\"page\" data-id=\"773\"><strong>Ninhos no Campus Polit\u00e9cnico<\/strong><\/a><\/p>\n\n\n\n<p class=\"has-cyan-bluish-gray-color has-text-color has-link-color has-small-font-size wp-elements-9d4e8a40f32a8c104db25899d35a4c75\">Janeiro 2023 &#8211; <strong><a href=\"http:\/\/collaboro.ipportalegre.pt\/estg\/projetos-da-tua-escola\/eco-trilho\/\" data-type=\"page\" data-id=\"471\">Desafio Eco-Trilho<\/a><\/strong>: Projetos para um Eco-trilho<\/p>\n\n\n\n<p class=\"has-cyan-bluish-gray-color has-text-color has-link-color has-small-font-size wp-elements-b669144d3c1b4594a363fb95623192ce\">Dezembro 2022 &#8211; <strong><a href=\"http:\/\/collaboro.ipportalegre.pt\/estg\/projetos-da-tua-escola\/a-arte-de-fotografar-a-natureza\/\" data-type=\"page\" data-id=\"349\">A Arte de Fotografar a Natureza<\/a><\/strong><\/p>\n\n\n\n<p class=\"has-cyan-bluish-gray-color has-text-color has-link-color has-small-font-size wp-elements-2b608c62213e3f37252ec409c3fa18f7\">Novembro 2022 &#8211; <a href=\"http:\/\/collaboro.ipportalegre.pt\/estg\/projetos-da-tua-escola\/782-2consumo-de-agua-da-torneira\/\" data-type=\"page\" data-id=\"782\"><strong>Consumo de \u00c1gua da Torneira<\/strong><\/a><\/p>\n\n\n\n<p class=\"has-cyan-bluish-gray-color has-text-color has-link-color has-small-font-size wp-elements-9df1ed9873387484bcd9e873f7a1bcc5\">Novembro 2022 &#8211; <a href=\"http:\/\/collaboro.ipportalegre.pt\/estg\/projetos-da-tua-escola\/relogio-climatico\/\" data-type=\"page\" data-id=\"558\"><strong>Rel\u00f3gio Clim\u00e1tico<\/strong><\/a><\/p>\n\n\n\n<p class=\"has-cyan-bluish-gray-color has-text-color has-link-color has-small-font-size wp-elements-8f757ab5bb7044e9c6c03ff29f596e4d\">Novembro 2022 &#8211; <strong><a href=\"http:\/\/collaboro.ipportalegre.pt\/estg\/projetos-da-tua-escola\/estg-mais-sustentavel\/\" data-type=\"page\" data-id=\"215\">ESTG mais sustent\u00e1vel<\/a><\/strong><\/p>\n\n\n\n<p class=\"has-cyan-bluish-gray-color has-text-color has-link-color has-small-font-size wp-elements-1c293a47b187a8a9e2b273b2631a6970\">Outubro 2022 &#8211; <a href=\"http:\/\/collaboro.ipportalegre.pt\/estg\/projetos-da-tua-escola\/bandeira-verde\/\" data-type=\"page\" data-id=\"791\"><strong>Galard\u00e3o Eco-Escolas 21\/22<\/strong><\/a><\/p>\n\n\n\n<p>&nbsp;<\/p>\n\n\n\n<p>&nbsp;<\/p>\n\n\n\n<p>&nbsp;<\/p>\n\n\n\n<div class=\"wp-block-spacer\" style=\"height: 50px\" aria-hidden=\"true\">\u00a0<\/div>\n","protected":false},"excerpt":{"rendered":"<p>AGENDA 2025 Maio 2025- Dias do Ambiente 2025* &#8220;C\u00f4a Mais Selvagem&#8221; Maio 2025- Dias do Ambiente 2025 \u00a0 ATIVIDADES 2024\/2025 Maio 2025 &#8211; Dias do Ambiente 2025* EcoPiquenique Maio 2025 &#8230;<\/p>\n","protected":false},"author":1,"featured_media":990,"parent":0,"menu_order":0,"comment_status":"closed","ping_status":"closed","template":"","meta":{"inline_featured_image":false,"footnotes":""},"class_list":["post-214","page","type-page","status-publish","has-post-thumbnail","hentry"],"_links":{"self":[{"href":"https:\/\/collaboro.ipportalegre.pt\/estg\/wp-json\/wp\/v2\/pages\/214","targetHints":{"allow":["GET"]}}],"collection":[{"href":"https:\/\/collaboro.ipportalegre.pt\/estg\/wp-json\/wp\/v2\/pages"}],"about":[{"href":"https:\/\/collaboro.ipportalegre.pt\/estg\/wp-json\/wp\/v2\/types\/page"}],"author":[{"embeddable":true,"href":"https:\/\/collaboro.ipportalegre.pt\/estg\/wp-json\/wp\/v2\/users\/1"}],"replies":[{"embeddable":true,"href":"https:\/\/collaboro.ipportalegre.pt\/estg\/wp-json\/wp\/v2\/comments?post=214"}],"version-history":[{"count":94,"href":"https:\/\/collaboro.ipportalegre.pt\/estg\/wp-json\/wp\/v2\/pages\/214\/revisions"}],"predecessor-version":[{"id":1361,"href":"https:\/\/collaboro.ipportalegre.pt\/estg\/wp-json\/wp\/v2\/pages\/214\/revisions\/1361"}],"wp:featuredmedia":[{"embeddable":true,"href":"https:\/\/collaboro.ipportalegre.pt\/estg\/wp-json\/wp\/v2\/media\/990"}],"wp:attachment":[{"href":"https:\/\/collaboro.ipportalegre.pt\/estg\/wp-json\/wp\/v2\/media?parent=214"}],"curies":[{"name":"wp","href":"https:\/\/api.w.org\/{rel}","templated":true}]}}