{"id":1252,"date":"2025-04-24T21:12:30","date_gmt":"2025-04-24T21:12:30","guid":{"rendered":"https:\/\/collaboro.ipportalegre.pt\/estg\/?page_id=1252"},"modified":"2025-04-24T22:19:12","modified_gmt":"2025-04-24T22:19:12","slug":"dias-do-ambiente-2","status":"publish","type":"page","link":"https:\/\/collaboro.ipportalegre.pt\/estg\/projetos-da-tua-escola\/dias-do-ambiente-2\/","title":{"rendered":"Dias do Ambiente 2025"},"content":{"rendered":"\r\n<div class=\"wp-block-group\">\r\n<figure>\r\n<p><a style=\"font-family: Raleway, Helvetica, Arial, sans-serif;font-size: 2rem;font-weight: 600;text-transform: uppercase\" href=\"https:\/\/collaboro.ipportalegre.pt\/ecocampuspolitecnico\/projetos-do-teu-campus\/dias-do-ambiente-2\/\">Dias do ambiente<\/a><\/p>\r\n<p>O EcoCampus do Polit\u00e9cnico de Portalegre promove os Dias do Ambiente com um conjunto de atividades que incluem a comemora\u00e7\u00e3o do Dia EcoCampus.<\/p>\r\n<p>PROGRAMA DETALHADO<\/p>\r\n<p><img loading=\"lazy\" decoding=\"async\" class=\"alignnone size-full wp-image-1272\" src=\"http:\/\/collaboro.ipportalegre.pt\/estg\/wp-content\/uploads\/sites\/5\/2025\/04\/Sem-Titulo-1-1.png\" alt=\"\" width=\"1958\" height=\"1094\" srcset=\"https:\/\/collaboro.ipportalegre.pt\/estg\/wp-content\/uploads\/sites\/5\/2025\/04\/Sem-Titulo-1-1.png 1958w, https:\/\/collaboro.ipportalegre.pt\/estg\/wp-content\/uploads\/sites\/5\/2025\/04\/Sem-Titulo-1-1-300x168.png 300w, https:\/\/collaboro.ipportalegre.pt\/estg\/wp-content\/uploads\/sites\/5\/2025\/04\/Sem-Titulo-1-1-1024x572.png 1024w, https:\/\/collaboro.ipportalegre.pt\/estg\/wp-content\/uploads\/sites\/5\/2025\/04\/Sem-Titulo-1-1-768x429.png 768w, https:\/\/collaboro.ipportalegre.pt\/estg\/wp-content\/uploads\/sites\/5\/2025\/04\/Sem-Titulo-1-1-1536x858.png 1536w\" sizes=\"auto, (max-width: 1958px) 100vw, 1958px\" \/><\/p>\r\n<div class=\"wp-block-group\">\r\n<p>INSCRI\u00c7\u00d5ES NAS ATIVIDADES:<\/p>\r\n<p><strong>07 de maio<\/strong><\/p>\r\n<p>Inscri\u00e7\u00e3o limitada a 16 participantes, at\u00e9 dia 06 de maio:<\/p>\r\n<p>\u00a0<a href=\"https:\/\/docs.google.com\/forms\/d\/e\/1FAIpQLScvmtnUwoJerc6_kec7DHyVpNlxkbDHy873wEcrdm7A2pnXRg\/viewform?usp=sharing\" target=\"_blank\" rel=\"noopener\">https:\/\/docs.google.com\/forms\/d\/e\/1FAIpQLScvmtnUwoJerc6_kec7DHyVpNlxkbDHy873wEcrdm7A2pnXRg\/viewform?usp=sharing<\/a><br \/>\u00a0<\/p>\r\n<p><strong>13 de maio<\/strong><br \/>Inscri\u00e7\u00f5es limitadas ao n\u00famero de equipamentos, at\u00e9 dia 10 de maio:\u00a0<\/p>\r\n<p><a href=\"https:\/\/docs.google.com\/forms\/d\/e\/1FAIpQLSfw1Ttj6RRwQiXqErGM13UJ4vC4rF14TMvwUUB8sLzu_AqFLg\/viewform?usp=sharing\" target=\"_blank\" rel=\"noopener\">https:\/\/docs.google.com\/forms\/d\/e\/1FAIpQLSfw1Ttj6RRwQiXqErGM13UJ4vC4rF14TMvwUUB8sLzu_AqFLg\/viewform?usp=sharing<\/a><\/p>\r\n<\/div>\r\n<\/figure>\r\n<\/div>\r\n<figure class=\"wp-block-image size-large\"><\/figure>\r\n\r\n\r\n\r\n<figure class=\"wp-block-image size-large is-vertical is-layout-flex wp-container-core-group-is-layout-8cf370e7 wp-block-group-is-layout-flex\"><\/figure>\r\n<figure class=\"wp-block-image size-large\"><\/figure>\r\n<p>\r\n\r\n\r\n\r\n<\/p>\r\n<p class=\"is-vertical is-layout-flex wp-container-core-group-is-layout-8cf370e7 wp-block-group-is-layout-flex\">&nbsp;<\/p>\r\n\r\n\r\n\r\n<p>&nbsp;<\/p>\r\n\r\n\r\n\r\n<h1 class=\"wp-block-heading\">\u00a0<\/h1>\r\n\r\n\r\n\r\n<div class=\"wp-block-columns is-layout-flex wp-container-core-columns-is-layout-9d6595d7 wp-block-columns-is-layout-flex\">\r\n<div class=\"wp-block-column is-vertically-aligned-center is-layout-flow wp-block-column-is-layout-flow\" style=\"flex-basis: 33.33%\">\r\n<div class=\"wp-block-group\"><div class=\"wp-block-group__inner-container is-layout-constrained wp-block-group-is-layout-constrained\">\r\n<p class=\"has-text-align-left\">\u00a0<\/p>\r\n<\/div><\/div>\r\n<\/div>\r\n<\/div>\r\n\r\n\r\n\r\n<p>&nbsp;<\/p>\r\n\r\n\r\n\r\n<p>&nbsp;<\/p>\r\n\r\n\r\n\r\n<p>&nbsp;<\/p>\r\n\r\n\r\n\r\n<p>&nbsp;<\/p>\r\n\r\n\r\n\r\n<div class=\"wp-block-spacer\" style=\"height: 50px\" aria-hidden=\"true\">\u00a0<\/div>\r\n\r\n\r\n\r\n<p class=\"has-text-align-center\">Ver mais <strong><a href=\"http:\/\/collaboro.ipportalegre.pt\/estg\/projetos-da-tua-escola\/\" data-type=\"page\" data-id=\"214\">PROJETOS DA TUA ESCOLA<\/a><\/strong><\/p>\r\n","protected":false},"excerpt":{"rendered":"<p>&nbsp; &nbsp; \u00a0 \u00a0 &nbsp; &nbsp; &nbsp; &nbsp; Ver mais PROJETOS DA TUA ESCOLA<\/p>\n","protected":false},"author":3,"featured_media":970,"parent":214,"menu_order":1,"comment_status":"closed","ping_status":"closed","template":"","meta":{"inline_featured_image":false,"footnotes":""},"class_list":["post-1252","page","type-page","status-publish","has-post-thumbnail","hentry"],"_links":{"self":[{"href":"https:\/\/collaboro.ipportalegre.pt\/estg\/wp-json\/wp\/v2\/pages\/1252","targetHints":{"allow":["GET"]}}],"collection":[{"href":"https:\/\/collaboro.ipportalegre.pt\/estg\/wp-json\/wp\/v2\/pages"}],"about":[{"href":"https:\/\/collaboro.ipportalegre.pt\/estg\/wp-json\/wp\/v2\/types\/page"}],"author":[{"embeddable":true,"href":"https:\/\/collaboro.ipportalegre.pt\/estg\/wp-json\/wp\/v2\/users\/3"}],"replies":[{"embeddable":true,"href":"https:\/\/collaboro.ipportalegre.pt\/estg\/wp-json\/wp\/v2\/comments?post=1252"}],"version-history":[{"count":6,"href":"https:\/\/collaboro.ipportalegre.pt\/estg\/wp-json\/wp\/v2\/pages\/1252\/revisions"}],"predecessor-version":[{"id":1268,"href":"https:\/\/collaboro.ipportalegre.pt\/estg\/wp-json\/wp\/v2\/pages\/1252\/revisions\/1268"}],"up":[{"embeddable":true,"href":"https:\/\/collaboro.ipportalegre.pt\/estg\/wp-json\/wp\/v2\/pages\/214"}],"wp:featuredmedia":[{"embeddable":true,"href":"https:\/\/collaboro.ipportalegre.pt\/estg\/wp-json\/wp\/v2\/media\/970"}],"wp:attachment":[{"href":"https:\/\/collaboro.ipportalegre.pt\/estg\/wp-json\/wp\/v2\/media?parent=1252"}],"curies":[{"name":"wp","href":"https:\/\/api.w.org\/{rel}","templated":true}]}}