{"id":467,"date":"2025-05-09T11:04:53","date_gmt":"2025-05-09T11:04:53","guid":{"rendered":"https:\/\/collaboro.ipportalegre.pt\/ess\/?page_id=467"},"modified":"2025-05-09T14:03:30","modified_gmt":"2025-05-09T14:03:30","slug":"dias-do-ambiente-2025-remocao-invasoras-pnssm","status":"publish","type":"page","link":"https:\/\/collaboro.ipportalegre.pt\/ess\/projetos-da-tua-escola\/dias-do-ambiente-2025-remocao-invasoras-pnssm\/","title":{"rendered":"Dias do ambiente 2025* Remocao Invasoras PNSSM"},"content":{"rendered":"\r\n<div class=\"wp-block-group\">\r\n<figure>\r\n<p><a style=\"font-family: Raleway, Helvetica, Arial, sans-serif;font-size: 2rem;font-weight: 600;text-transform: uppercase\" href=\"https:\/\/collaboro.ipportalegre.pt\/ess\/projetos-da-tua-escola\/dias-do-ambiente-2025-remocao-invasoras-pnssm\/\">Dias do ambiente 2025*<\/a><\/p>\r\n<div class=\"wp-block-spacer\" aria-hidden=\"true\">\r\n<figure id=\"attachment_1304\" aria-describedby=\"caption-attachment-1304\" style=\"width: 2560px\" class=\"wp-caption aligncenter\"><img loading=\"lazy\" decoding=\"async\" class=\"wp-image-1304 size-full\" src=\"http:\/\/collaboro.ipportalegre.pt\/estg\/wp-content\/uploads\/sites\/5\/2025\/05\/Remocao-invasoras-3-scaled.jpg\" alt=\"\" width=\"2560\" height=\"2382\" \/><figcaption id=\"caption-attachment-1304\" class=\"wp-caption-text\">Parque Natural da Serra de S\u00e3o Mamede. Remo\u00e7\u00e3o da esp\u00e9cie ex\u00f3tica, Hakea.<\/figcaption><\/figure>\r\n<\/div>\r\n<div aria-hidden=\"true\">\u00a0<\/div>\r\n<p><!--more--><\/p>\r\n<div class=\"wp-block-group\">\r\n<div class=\"wp-block-group\">\r\n<div class=\"wp-block-columns\">\r\n<div class=\"wp-block-column\" style=\"flex-basis: 100%\">\r\n<div class=\"wp-block-columns alignwide are-vertically-aligned-top\">\r\n<div class=\"wp-block-column is-vertically-aligned-top\" style=\"flex-basis: 100%\">\r\n<div class=\"wp-block-group\">\r\n<div class=\"wp-block-group\">\r\n<figure class=\"wp-block-gallery aligncenter has-nested-images columns-default is-cropped\">\r\n<figure class=\"wp-block-image alignwide size-full\">\r\n<figcaption class=\"wp-element-caption\"><\/figcaption>\r\n<\/figure>\r\n\r\n\r\n<\/figure>\r\n<!-- \/wp:post-content --><\/div>\r\n<!-- \/wp:group --><\/div>\r\n<!-- \/wp:group --><\/div>\r\n<!-- \/wp:column --><\/div>\r\n<!-- \/wp:columns --><\/div>\r\n<!-- \/wp:column --><\/div>\r\n<!-- \/wp:columns --><\/div>\r\n<!-- \/wp:group --><\/div>\r\n<p><!-- \/wp:group -->\r\n\r\n<!-- wp:heading {\"style\":{\"typography\":{\"textTransform\":\"uppercase\"}}} --><\/p>\r\n<h2 class=\"wp-block-heading\" style=\"text-transform: uppercase\"><a href=\"https:\/\/collaboro.ipportalegre.pt\/estg\/projetos-da-tua-escola\/dias-do-ambiente2a-edicao-dia-eco-escolas\/(abre num novo separador)\">Dias do ambiente* 2025 | <\/a><a href=\"https:\/\/collaboro.ipportalegre.pt\/estg\/projetos-da-tua-escola\/dias-do-ambiente2a-edicao-dia-eco-escolas\/(abre num novo separador)\">3\u00aa Edi\u00e7\u00e3o\u00a0<\/a><\/h2>\r\n<p><!-- \/wp:heading -->\r\n\r\n<!-- wp:paragraph {\"textColor\":\"luminous-vivid-orange\",\"fontSize\":\"medium\"} --><\/p>\r\n<p class=\"has-luminous-vivid-orange-color has-text-color has-medium-font-size\"><strong>Dia 07 de maio&#8217; 2025&#8242;<\/strong>\u00a0<\/p>\r\n<p><!-- \/wp:paragraph -->\r\n\r\n<!-- wp:paragraph --><\/p>\r\n<p>O EcoCampus do Campus Polit\u00e9cnico do Portalegre, em parceria com a Escola de Hotelaria e Turismo de Portalegre e com o Instituto da Conserva\u00e7\u00e3o da Natureza e das Florestas (ICNF), promoveram uma a\u00e7\u00e3o de remo\u00e7\u00e3o de esp\u00e9cies ex\u00f3ticas no Parque Natural da Serra de S\u00e3o de Mamede.<\/p>\r\n<p>A esp\u00e9cie removida, <a href=\"https:\/\/invasoras.pt\/pt\/planta-invasora\/hakea-sericea\"><em>Hakea<\/em><\/a>, de folhas em forma de agulha, e picantes, \u00e9 uma esp\u00e9cie ex\u00f3tica que apresenta elevado risco de ter um comportamento invasor no territ\u00f3rio Portugu\u00eas. Esse comportamento est\u00e1 patente na r\u00e1pida propaga\u00e7\u00e3o nos solos do Parque Natural.<\/p>\r\n<\/figure>\r\n<\/div>\r\n<div class=\"wp-block-spacer\" aria-hidden=\"true\">\r\n<div class=\"wp-block-spacer\" aria-hidden=\"true\">\r\n<p>Obrigada a todos os estudantes e professores que contribu\u00edram com um pouco do seu tempo e dedica\u00e7\u00e3o!<\/p>\r\n<figure id=\"attachment_1321\" aria-describedby=\"caption-attachment-1321\" style=\"width: 800px\" class=\"wp-caption aligncenter\"><img loading=\"lazy\" decoding=\"async\" class=\"wp-image-1321 size-large\" src=\"http:\/\/collaboro.ipportalegre.pt\/estg\/wp-content\/uploads\/sites\/5\/2025\/05\/Equipa-de-Remocao-1024x521.jpg\" alt=\"\" width=\"800\" height=\"407\" \/><figcaption id=\"caption-attachment-1321\" class=\"wp-caption-text\">A nossa equipa de combate \u00e0s esp\u00e9cies ex\u00f3ticas no PNSSM!<\/figcaption><\/figure>\r\n<\/div>\r\n<\/div>\r\n<p><!--more--><\/p>\r\n<p><!-- \/wp:spacer -->\r\n\r\n<!-- wp:paragraph {\"align\":\"center\"} --><\/p>\r\n<p><!-- \/wp:group -->\r\n\r\n<!-- wp:paragraph --><\/p>\r\n<p><!-- \/wp:paragraph -->\r\n\r\n<!-- wp:heading {\"level\":1} --><\/p>\r\n<h1 class=\"wp-block-heading\">\u00a0<\/h1>\r\n<div class=\"wp-block-group\">\u00a0<\/div>\r\n<!-- \/wp:paragraph -->\r\n\r\n<!-- wp:image {\"id\":359,\"width\":\"840px\",\"height\":\"auto\",\"sizeSlug\":\"large\",\"linkDestination\":\"none\"} -->\r\n<figure class=\"wp-block-image size-large is-resized\"><\/figure>\r\n<!-- \/wp:image -->\r\n\r\n<!-- wp:paragraph {\"align\":\"center\"} -->\r\n<p class=\"has-text-align-center\">Ver mais <strong><strong><a href=\"http:\/\/collaboro.ipportalegre.pt\/ess\/projetos-da-tua-escola\/\">PROJETOS DA TUA ESCOLA<\/a><\/strong><\/strong><\/p>\r\n<!-- \/wp:paragraph -->\r\n\r\n<!-- wp:image {\"id\":358,\"sizeSlug\":\"large\",\"linkDestination\":\"none\"} -->\r\n<figure class=\"wp-block-image size-large\"><\/figure>\r\n<!-- \/wp:image -->","protected":false},"excerpt":{"rendered":"<p>Dias do ambiente 2025* \u00a0<\/p>\n","protected":false},"author":4,"featured_media":0,"parent":119,"menu_order":1,"comment_status":"closed","ping_status":"closed","template":"","meta":{"inline_featured_image":false,"footnotes":""},"class_list":["post-467","page","type-page","status-publish","hentry"],"_links":{"self":[{"href":"https:\/\/collaboro.ipportalegre.pt\/ess\/wp-json\/wp\/v2\/pages\/467","targetHints":{"allow":["GET"]}}],"collection":[{"href":"https:\/\/collaboro.ipportalegre.pt\/ess\/wp-json\/wp\/v2\/pages"}],"about":[{"href":"https:\/\/collaboro.ipportalegre.pt\/ess\/wp-json\/wp\/v2\/types\/page"}],"author":[{"embeddable":true,"href":"https:\/\/collaboro.ipportalegre.pt\/ess\/wp-json\/wp\/v2\/users\/4"}],"replies":[{"embeddable":true,"href":"https:\/\/collaboro.ipportalegre.pt\/ess\/wp-json\/wp\/v2\/comments?post=467"}],"version-history":[{"count":5,"href":"https:\/\/collaboro.ipportalegre.pt\/ess\/wp-json\/wp\/v2\/pages\/467\/revisions"}],"predecessor-version":[{"id":477,"href":"https:\/\/collaboro.ipportalegre.pt\/ess\/wp-json\/wp\/v2\/pages\/467\/revisions\/477"}],"up":[{"embeddable":true,"href":"https:\/\/collaboro.ipportalegre.pt\/ess\/wp-json\/wp\/v2\/pages\/119"}],"wp:attachment":[{"href":"https:\/\/collaboro.ipportalegre.pt\/ess\/wp-json\/wp\/v2\/media?parent=467"}],"curies":[{"name":"wp","href":"https:\/\/api.w.org\/{rel}","templated":true}]}}