{"id":391,"date":"2024-10-15T14:39:55","date_gmt":"2024-10-15T14:39:55","guid":{"rendered":"https:\/\/collaboro.ipportalegre.pt\/ess\/?page_id=391"},"modified":"2024-10-15T14:39:55","modified_gmt":"2024-10-15T14:39:55","slug":"dia-mundial-do-exercicio-fisico-6-de-abril","status":"publish","type":"page","link":"https:\/\/collaboro.ipportalegre.pt\/ess\/projetos-da-tua-escola\/dia-mundial-do-exercicio-fisico-6-de-abril\/","title":{"rendered":"Dia Mundial do exerc\u00edcio f\u00edsico &#8211; 6 de abril"},"content":{"rendered":"\n<p><\/p>\n\n\n\n<figure class=\"wp-block-gallery has-nested-images columns-default is-cropped wp-block-gallery-1 is-layout-flex wp-block-gallery-is-layout-flex\">\n<figure class=\"wp-block-image size-large\"><img loading=\"lazy\" decoding=\"async\" width=\"1024\" height=\"363\" data-id=\"392\" src=\"https:\/\/collaboro.ipportalegre.pt\/ess\/wp-content\/uploads\/sites\/7\/2024\/10\/dia-do-exercicio-fisico-1024x363.jpg\" alt=\"\" class=\"wp-image-392\" srcset=\"https:\/\/collaboro.ipportalegre.pt\/ess\/wp-content\/uploads\/sites\/7\/2024\/10\/dia-do-exercicio-fisico-1024x363.jpg 1024w, https:\/\/collaboro.ipportalegre.pt\/ess\/wp-content\/uploads\/sites\/7\/2024\/10\/dia-do-exercicio-fisico-300x106.jpg 300w, https:\/\/collaboro.ipportalegre.pt\/ess\/wp-content\/uploads\/sites\/7\/2024\/10\/dia-do-exercicio-fisico-768x272.jpg 768w, https:\/\/collaboro.ipportalegre.pt\/ess\/wp-content\/uploads\/sites\/7\/2024\/10\/dia-do-exercicio-fisico.jpg 1277w\" sizes=\"auto, (max-width: 1024px) 100vw, 1024px\" \/><\/figure>\n<\/figure>\n\n\n\n<p>Para assinalar o Dia Mundial do exerc\u00edcio f\u00edsico &#8211; 6 de abril &#8211; os alunos da ESS e da ESTGD participaram numa <em>Caminhada pelo eco-trilho <\/em>com pr\u00e1tica de exerc\u00edcio f\u00edsico associado \u00e0 contempla\u00e7\u00e3o da natureza,<\/p>\n\n\n\n<p class=\"has-text-align-center\">Ver mais <strong><a href=\"http:\/\/collaboro.ipportalegre.pt\/estg\/projetos-nacionais\/\"><\/a><strong><a href=\"http:\/\/collaboro.ipportalegre.pt\/ess\/projetos-da-tua-escola\/\">PROJETOS DA TUA ESCOLA<\/a><\/strong><\/strong><\/p>\n","protected":false},"excerpt":{"rendered":"<p>Para assinalar o Dia Mundial do exerc\u00edcio f\u00edsico &#8211; 6 de abril &#8211; os alunos da ESS e da ESTGD participaram numa Caminhada pelo eco-trilho com pr\u00e1tica de exerc\u00edcio f\u00edsico &#8230;<\/p>\n","protected":false},"author":4,"featured_media":0,"parent":119,"menu_order":1,"comment_status":"closed","ping_status":"closed","template":"","meta":{"inline_featured_image":false,"footnotes":""},"class_list":["post-391","page","type-page","status-publish","hentry"],"_links":{"self":[{"href":"https:\/\/collaboro.ipportalegre.pt\/ess\/wp-json\/wp\/v2\/pages\/391","targetHints":{"allow":["GET"]}}],"collection":[{"href":"https:\/\/collaboro.ipportalegre.pt\/ess\/wp-json\/wp\/v2\/pages"}],"about":[{"href":"https:\/\/collaboro.ipportalegre.pt\/ess\/wp-json\/wp\/v2\/types\/page"}],"author":[{"embeddable":true,"href":"https:\/\/collaboro.ipportalegre.pt\/ess\/wp-json\/wp\/v2\/users\/4"}],"replies":[{"embeddable":true,"href":"https:\/\/collaboro.ipportalegre.pt\/ess\/wp-json\/wp\/v2\/comments?post=391"}],"version-history":[{"count":1,"href":"https:\/\/collaboro.ipportalegre.pt\/ess\/wp-json\/wp\/v2\/pages\/391\/revisions"}],"predecessor-version":[{"id":393,"href":"https:\/\/collaboro.ipportalegre.pt\/ess\/wp-json\/wp\/v2\/pages\/391\/revisions\/393"}],"up":[{"embeddable":true,"href":"https:\/\/collaboro.ipportalegre.pt\/ess\/wp-json\/wp\/v2\/pages\/119"}],"wp:attachment":[{"href":"https:\/\/collaboro.ipportalegre.pt\/ess\/wp-json\/wp\/v2\/media?parent=391"}],"curies":[{"name":"wp","href":"https:\/\/api.w.org\/{rel}","templated":true}]}}