{"id":365,"date":"2024-10-15T10:10:05","date_gmt":"2024-10-15T10:10:05","guid":{"rendered":"https:\/\/collaboro.ipportalegre.pt\/ess\/?page_id=365"},"modified":"2024-10-15T14:45:37","modified_gmt":"2024-10-15T14:45:37","slug":"aprovada-a-candidatura-ess-ao-galardao-eco-escolas","status":"publish","type":"page","link":"https:\/\/collaboro.ipportalegre.pt\/ess\/projetos-da-tua-escola\/aprovada-a-candidatura-ess-ao-galardao-eco-escolas\/","title":{"rendered":"Aprovada a candidatura da ESS ao Galard\u00e3o Eco-Escolas"},"content":{"rendered":"\n<p><\/p>\n\n\n\n<figure class=\"wp-block-gallery has-nested-images columns-default is-cropped wp-block-gallery-1 is-layout-flex wp-block-gallery-is-layout-flex\">\n<figure class=\"wp-block-image size-full is-style-default\"><img loading=\"lazy\" decoding=\"async\" width=\"1307\" height=\"732\" data-id=\"366\" src=\"http:\/\/collaboro.ipportalegre.pt\/ess\/wp-content\/uploads\/sites\/7\/2024\/10\/candidatura-ao-eco-escolas-.jpg\" alt=\"\" class=\"wp-image-366\" srcset=\"https:\/\/collaboro.ipportalegre.pt\/ess\/wp-content\/uploads\/sites\/7\/2024\/10\/candidatura-ao-eco-escolas-.jpg 1307w, https:\/\/collaboro.ipportalegre.pt\/ess\/wp-content\/uploads\/sites\/7\/2024\/10\/candidatura-ao-eco-escolas--300x168.jpg 300w, https:\/\/collaboro.ipportalegre.pt\/ess\/wp-content\/uploads\/sites\/7\/2024\/10\/candidatura-ao-eco-escolas--1024x574.jpg 1024w, https:\/\/collaboro.ipportalegre.pt\/ess\/wp-content\/uploads\/sites\/7\/2024\/10\/candidatura-ao-eco-escolas--768x430.jpg 768w\" sizes=\"auto, (max-width: 1307px) 100vw, 1307px\" \/><\/figure>\n<\/figure>\n\n\n\n<p><\/p>\n\n\n\n<h2 class=\"wp-block-heading has-large-font-size\" style=\"text-transform:uppercase\">FOI APROVADA A candidatura DA ESS ao galard\u00e3o eco-Escolas 2022-2023!<\/h2>\n\n\n\n<h2 class=\"wp-block-heading has-medium-font-size\">Candidatura do Eco-conselho da ESS<\/h2>\n\n\n\n<p>A ESS recebeu pelo segundo ano consecutivo, a aprova\u00e7\u00e3o da sua candidatura ao Galard\u00e3o Eco-Escolas. A candidatura apresentou um total de 27 atividades realizadas ao longo do ano letivo 2022\/2023, de onde se destacam: a cria\u00e7\u00e3o do eco-trilho do Campus Polit\u00e9cnico e a mudan\u00e7a no sistema de recolha dos res\u00edduos do Campus. Estas atividades s\u00f3 foram poss\u00edveis realizar devido ao envolvimento da Comunidade Acad\u00e9mica, alunos, funcion\u00e1rios, docentes e administra\u00e7\u00e3o.<br>Este galard\u00e3o \u00e9 um reconhecimento do trabalho desenvolvido atrav\u00e9s do programa Eco-Escolas e constitui uma forte motiva\u00e7\u00e3o para o desenvolvimento de estrat\u00e9gias em prol de um Campus cada vez mais sustent\u00e1vel.&nbsp;<\/p>\n\n\n\n<p>O desafio para o pr\u00f3ximo ano \u00e9 aprofundar o envolvimento da Comunidade Acad\u00e9mica, pelo que se apela \u00e0 participa\u00e7\u00e3o de toda a Comunidade IPP na defini\u00e7\u00e3o e implementa\u00e7\u00e3o da estrat\u00e9gia Eco-Escolas 2023\/24.&nbsp;<\/p>\n\n\n\n<p><\/p>\n\n\n\n<p class=\"has-text-align-center\">Ver mais <strong><a href=\"http:\/\/collaboro.ipportalegre.pt\/estg\/projetos-nacionais\/\"><\/a><strong><a href=\"http:\/\/collaboro.ipportalegre.pt\/ess\/projetos-da-tua-escola\/\">PROJETOS DA TUA ESCOLA<\/a><\/strong><\/strong><\/p>\n","protected":false},"excerpt":{"rendered":"<p>FOI APROVADA A candidatura DA ESS ao galard\u00e3o eco-Escolas 2022-2023! Candidatura do Eco-conselho da ESS A ESS recebeu pelo segundo ano consecutivo, a aprova\u00e7\u00e3o da sua candidatura ao Galard\u00e3o Eco-Escolas. &#8230;<\/p>\n","protected":false},"author":4,"featured_media":0,"parent":119,"menu_order":1,"comment_status":"closed","ping_status":"closed","template":"","meta":{"inline_featured_image":false,"footnotes":""},"class_list":["post-365","page","type-page","status-publish","hentry"],"_links":{"self":[{"href":"https:\/\/collaboro.ipportalegre.pt\/ess\/wp-json\/wp\/v2\/pages\/365","targetHints":{"allow":["GET"]}}],"collection":[{"href":"https:\/\/collaboro.ipportalegre.pt\/ess\/wp-json\/wp\/v2\/pages"}],"about":[{"href":"https:\/\/collaboro.ipportalegre.pt\/ess\/wp-json\/wp\/v2\/types\/page"}],"author":[{"embeddable":true,"href":"https:\/\/collaboro.ipportalegre.pt\/ess\/wp-json\/wp\/v2\/users\/4"}],"replies":[{"embeddable":true,"href":"https:\/\/collaboro.ipportalegre.pt\/ess\/wp-json\/wp\/v2\/comments?post=365"}],"version-history":[{"count":3,"href":"https:\/\/collaboro.ipportalegre.pt\/ess\/wp-json\/wp\/v2\/pages\/365\/revisions"}],"predecessor-version":[{"id":396,"href":"https:\/\/collaboro.ipportalegre.pt\/ess\/wp-json\/wp\/v2\/pages\/365\/revisions\/396"}],"up":[{"embeddable":true,"href":"https:\/\/collaboro.ipportalegre.pt\/ess\/wp-json\/wp\/v2\/pages\/119"}],"wp:attachment":[{"href":"https:\/\/collaboro.ipportalegre.pt\/ess\/wp-json\/wp\/v2\/media?parent=365"}],"curies":[{"name":"wp","href":"https:\/\/api.w.org\/{rel}","templated":true}]}}