{"id":190,"date":"2023-01-04T10:00:05","date_gmt":"2023-01-04T10:00:05","guid":{"rendered":"http:\/\/collaboro.ipportalegre.pt\/ess\/?page_id=190"},"modified":"2023-01-04T10:23:45","modified_gmt":"2023-01-04T10:23:45","slug":"acao-de-sensibilizacao-separacao-e-encaminhamento-de-residuos","status":"publish","type":"page","link":"https:\/\/collaboro.ipportalegre.pt\/ess\/projetos-da-tua-escola\/acao-de-sensibilizacao-separacao-e-encaminhamento-de-residuos\/","title":{"rendered":"A\u00e7\u00e3o de sensibiliza\u00e7\u00e3o: &#8220;Separa\u00e7\u00e3o e encaminhamento de res\u00edduos&#8221;"},"content":{"rendered":"\n<div class=\"wp-block-media-text alignwide is-stacked-on-mobile is-vertically-aligned-top\"><figure class=\"wp-block-media-text__media\"><img loading=\"lazy\" decoding=\"async\" width=\"1024\" height=\"768\" src=\"http:\/\/collaboro.ipportalegre.pt\/ess\/wp-content\/uploads\/sites\/7\/2023\/01\/20221124_112220-Medium.jpg\" alt=\"\" class=\"wp-image-205 size-full\" srcset=\"https:\/\/collaboro.ipportalegre.pt\/ess\/wp-content\/uploads\/sites\/7\/2023\/01\/20221124_112220-Medium.jpg 1024w, https:\/\/collaboro.ipportalegre.pt\/ess\/wp-content\/uploads\/sites\/7\/2023\/01\/20221124_112220-Medium-300x225.jpg 300w, https:\/\/collaboro.ipportalegre.pt\/ess\/wp-content\/uploads\/sites\/7\/2023\/01\/20221124_112220-Medium-768x576.jpg 768w\" sizes=\"auto, (max-width: 1024px) 100vw, 1024px\" \/><\/figure><div class=\"wp-block-media-text__content\">\n<p><strong><strong><strong><a href=\"http:\/\/collaboro.ipportalegre.pt\/ess\/projetos-da-tua-escola\/\" data-type=\"page\" data-id=\"119\">PROJETOS DA TUA ESCOLA<\/a><\/strong><\/strong><\/strong><\/p>\n\n\n\n<h2 class=\"wp-block-heading\">A\u00e7\u00e3o de sensibiliza\u00e7\u00e3o: &#8220;Separa\u00e7\u00e3o e encaminhamento de res\u00edduos&#8221;<\/h2>\n\n\n\n<p><strong>24 de Novembro de 2022<\/strong><\/p>\n\n\n\n<p><\/p>\n\n\n\n<p>No \u00e2mbito do Projeto Eco-Escolas da ESS-IPP, inserido na Unidade Curricular de Epidemiologia, dos cursos de Licenciatura em Enfermagem (CLE) e Higiene Oral (CLHO), decorreu no passado dia 24 de novembro de 2022, \u00e0s 11:00h, uma a\u00e7\u00e3o de sensibiliza\u00e7\u00e3o para correta separa\u00e7\u00e3o e posterior encaminhamento dos res\u00edduosproduzidos nos espa\u00e7os interiores e exteriores do Campus-IPP. Esta a\u00e7\u00e3o contou com a colabora\u00e7\u00e3o da VALNOR, na pessoa da Dra Cl\u00e1udia Sim\u00f5es, onde estiveram presentes: 7 estudantes do CLHO e 10 estudantes do CLE.<\/p>\n\n\n\n<p><\/p>\n<\/div><\/div>\n\n\n\n<div class=\"wp-block-columns is-layout-flex wp-container-core-columns-is-layout-9d6595d7 wp-block-columns-is-layout-flex\">\n<div class=\"wp-block-column is-layout-flow wp-block-column-is-layout-flow\">\n<figure class=\"wp-block-gallery has-nested-images columns-default is-cropped wp-block-gallery-1 is-layout-flex wp-block-gallery-is-layout-flex\">\n<figure class=\"wp-block-image size-large\"><a href=\"http:\/\/collaboro.ipportalegre.pt\/ess\/wp-content\/uploads\/sites\/7\/2023\/01\/20221124_113437-Medium.jpg\" target=\"_blank\" rel=\"noopener\"><img loading=\"lazy\" decoding=\"async\" width=\"1024\" height=\"768\" data-id=\"206\" src=\"http:\/\/collaboro.ipportalegre.pt\/ess\/wp-content\/uploads\/sites\/7\/2023\/01\/20221124_113437-Medium.jpg\" alt=\"\" class=\"wp-image-206\" srcset=\"https:\/\/collaboro.ipportalegre.pt\/ess\/wp-content\/uploads\/sites\/7\/2023\/01\/20221124_113437-Medium.jpg 1024w, https:\/\/collaboro.ipportalegre.pt\/ess\/wp-content\/uploads\/sites\/7\/2023\/01\/20221124_113437-Medium-300x225.jpg 300w, https:\/\/collaboro.ipportalegre.pt\/ess\/wp-content\/uploads\/sites\/7\/2023\/01\/20221124_113437-Medium-768x576.jpg 768w\" sizes=\"auto, (max-width: 1024px) 100vw, 1024px\" \/><\/a><\/figure>\n<\/figure>\n<\/div>\n<\/div>\n\n\n\n<div class=\"wp-block-group\"><div class=\"wp-block-group__inner-container is-layout-constrained wp-block-group-is-layout-constrained\">\n<div class=\"wp-block-columns is-layout-flex wp-container-core-columns-is-layout-9d6595d7 wp-block-columns-is-layout-flex\">\n<div class=\"wp-block-column is-layout-flow wp-block-column-is-layout-flow\" style=\"flex-basis:100%\"><\/div>\n<\/div>\n<\/div><\/div>\n\n\n\n<!--more-->\n\n\n\n<p><\/p>\n\n\n\n<p><\/p>\n\n\n\n<div style=\"height:50px\" aria-hidden=\"true\" class=\"wp-block-spacer\"><\/div>\n\n\n\n<p class=\"has-text-align-center\">Ver mais <strong><strong><strong><a href=\"http:\/\/collaboro.ipportalegre.pt\/ess\/projetos-da-tua-escola\/\" data-type=\"page\" data-id=\"119\">PROJETOS DA TUA ESCOLA<\/a><\/strong><\/strong><\/strong><\/p>\n","protected":false},"excerpt":{"rendered":"<p>PROJETOS DA TUA ESCOLA A\u00e7\u00e3o de sensibiliza\u00e7\u00e3o: &#8220;Separa\u00e7\u00e3o e encaminhamento de res\u00edduos&#8221; 24 de Novembro de 2022 No \u00e2mbito do Projeto Eco-Escolas da ESS-IPP, inserido na Unidade Curricular de Epidemiologia, &#8230;<\/p>\n","protected":false},"author":1,"featured_media":0,"parent":119,"menu_order":2,"comment_status":"closed","ping_status":"closed","template":"","meta":{"inline_featured_image":false,"footnotes":""},"class_list":["post-190","page","type-page","status-publish","hentry"],"_links":{"self":[{"href":"https:\/\/collaboro.ipportalegre.pt\/ess\/wp-json\/wp\/v2\/pages\/190","targetHints":{"allow":["GET"]}}],"collection":[{"href":"https:\/\/collaboro.ipportalegre.pt\/ess\/wp-json\/wp\/v2\/pages"}],"about":[{"href":"https:\/\/collaboro.ipportalegre.pt\/ess\/wp-json\/wp\/v2\/types\/page"}],"author":[{"embeddable":true,"href":"https:\/\/collaboro.ipportalegre.pt\/ess\/wp-json\/wp\/v2\/users\/1"}],"replies":[{"embeddable":true,"href":"https:\/\/collaboro.ipportalegre.pt\/ess\/wp-json\/wp\/v2\/comments?post=190"}],"version-history":[{"count":2,"href":"https:\/\/collaboro.ipportalegre.pt\/ess\/wp-json\/wp\/v2\/pages\/190\/revisions"}],"predecessor-version":[{"id":209,"href":"https:\/\/collaboro.ipportalegre.pt\/ess\/wp-json\/wp\/v2\/pages\/190\/revisions\/209"}],"up":[{"embeddable":true,"href":"https:\/\/collaboro.ipportalegre.pt\/ess\/wp-json\/wp\/v2\/pages\/119"}],"wp:attachment":[{"href":"https:\/\/collaboro.ipportalegre.pt\/ess\/wp-json\/wp\/v2\/media?parent=190"}],"curies":[{"name":"wp","href":"https:\/\/api.w.org\/{rel}","templated":true}]}}