{"id":119,"date":"2022-11-21T11:32:54","date_gmt":"2022-11-21T11:32:54","guid":{"rendered":"http:\/\/collaboro.ipportalegre.pt\/ess\/?page_id=119"},"modified":"2025-05-09T11:17:25","modified_gmt":"2025-05-09T11:17:25","slug":"projetos-da-tua-escola","status":"publish","type":"page","link":"https:\/\/collaboro.ipportalegre.pt\/ess\/projetos-da-tua-escola\/","title":{"rendered":"Eco-Projetos da tua Escola"},"content":{"rendered":"\r\n<p>&nbsp;<\/p>\r\n<p><strong>AGENDA 2025<\/strong><\/p>\r\n<p>Maio &#8211; <a href=\"https:\/\/collaboro.ipportalegre.pt\/ess\/projetos-da-tua-escola\/dias-do-ambiente-2\/\">Dias do Ambiente 2025<\/a><\/p>\r\n<p>Maio &#8211; <a href=\"https:\/\/collaboro.ipportalegre.pt\/ess\/projetos-da-tua-escola\/dias-do-ambiente-2025-coa-mais-selvagem\/\">Dias do Ambiente 2025* C\u00f4a Mais Selvagem<\/a><\/p>\r\n<p>&nbsp;<\/p>\r\n<p>\r\n\r\n<\/p>\r\n<p><strong>ATIVIDADES 2024\/2025<\/strong><\/p>\r\n<p><strong>2025<\/strong><\/p>\r\n<p>Maio &#8211; <a href=\"https:\/\/collaboro.ipportalegre.pt\/ess\/projetos-da-tua-escola\/dias-do-ambiente-2025-remocao-invasoras-pnssm\/\">Dias do Ambiente 2025* Remo\u00e7\u00e3o de Esp\u00e9cies Ex\u00f3ticas no PNSSM<\/a><\/p>\r\n<p>\r\n\r\n<\/p>\r\n<p class=\"has-cyan-bluish-gray-color has-text-color has-link-color wp-elements-54fc758185a73deb6b85dc060ac14907\">Janeiro 2025- <a href=\"https:\/\/collaboro.ipportalegre.pt\/estg\/projetos-da-tua-escola\/visita-grafica-sustentavel-lappi-calipolense\/\" data-type=\"page\" data-id=\"1223\">Visita a uma gr\u00e1fica sustent\u00e1vel- Lapp\u00ed Calipolense<\/a><\/p>\r\n<p>\r\n\r\n<\/p>\r\n<p class=\"has-cyan-bluish-gray-color has-text-color has-link-color has-small-font-size wp-elements-4a2d2f3c83e4edfffef87b3880a42e1f\">Dezembro 2024 &#8211; <a href=\"https:\/\/collaboro.ipportalegre.pt\/estg\/projetos-da-tua-escola\/almoco-de-natal-intercultural\/\">Almo\u00e7o de Natal Intercultural 2024<\/a><\/p>\r\n<p>\r\n\r\n<\/p>\r\n<p class=\"has-cyan-bluish-gray-color has-text-color has-link-color has-small-font-size wp-elements-c5559699687f60ace59b9a948e59ad42\">Dezembro 2024 &#8211; <a href=\"https:\/\/collaboro.ipportalegre.pt\/estg\/projetos-da-tua-escola\/dia-da-floresta-autoctone-2\/\">Galard\u00e3o EcoCampus 2024<\/a><\/p>\r\n<p>\r\n\r\n<\/p>\r\n<p class=\"has-cyan-bluish-gray-color has-text-color has-link-color has-small-font-size wp-elements-bfd1fcba2a7d70c5ea8d180a9e337ce0\"><a href=\"https:\/\/collaboro.ipportalegre.pt\/estg\/projetos-da-tua-escola\/candidatura-galardao-eco-escolas-23-24\/(abre num novo separador)\"><span style=\"color: #808080\">Novembro 2024<\/span> &#8211;<\/a> <a href=\"https:\/\/collaboro.ipportalegre.pt\/estg\/projetos-da-tua-escola\/dendrometria-de-choupos\/\">Dendrometria de Choupos no Campus<\/a><\/p>\r\n<p>\r\n\r\n<\/p>\r\n<p class=\"has-cyan-bluish-gray-color has-text-color has-link-color has-small-font-size wp-elements-68089f4bde9549e0f8673583d75fd50e\">Novembro 2024 &#8211; <a href=\"https:\/\/collaboro.ipportalegre.pt\/estg\/projetos-da-tua-escola\/dia-da-crianca-africana\/\">Dia da Crian\u00e7a Africana\/ Fotopalestra com Jos\u00e9 Matos Alves<\/a><\/p>\r\n<p>\r\n\r\n<\/p>\r\n<p class=\"has-cyan-bluish-gray-color has-text-color has-link-color has-small-font-size wp-elements-343f4043e1eb09844807f9612e565548\"><a href=\"https:\/\/collaboro.ipportalegre.pt\/estg\/projetos-da-tua-escola\/candidatura-galardao-eco-escolas-23-24\/(abre num novo separador)\"><span style=\"color: #808080\">Novembro 2024<\/span> &#8211;<\/a> <a href=\"https:\/\/collaboro.ipportalegre.pt\/estg\/projetos-da-tua-escola\/visita-a-valnor\/\">Visita de Estudo \u00e0 Valnor<\/a><\/p>\r\n<p>\r\n\r\n<\/p>\r\n<p class=\"has-cyan-bluish-gray-color has-text-color has-link-color has-small-font-size wp-elements-9a86b052c81668afe79b5058efe01c01\"><a href=\"https:\/\/collaboro.ipportalegre.pt\/estg\/projetos-da-tua-escola\/candidatura-galardao-eco-escolas-23-24\/(abre num novo separador)\"><span style=\"color: #808080\">Novembro 2024<\/span> &#8211;<\/a> <a href=\"https:\/\/collaboro.ipportalegre.pt\/estg\/projetos-da-tua-escola\/dia-da-floresta-autoctone\/\">Dia da Floresta Aut\u00f3ctone\/ 23 de novembro<\/a><\/p>\r\n\r\n\r\n\r\n<div class=\"wp-block-spacer\" style=\"height: 1px\" aria-hidden=\"true\">\u00a0<\/div>\r\n\r\n\r\n\r\n<p><strong>ATIVIDADES 2023\/2024<\/strong><\/p>\r\n\r\n\r\n\r\n\r\n\r\n<p>Junho &#8211; <a href=\"https:\/\/collaboro.ipportalegre.pt\/ess\/projetos-da-tua-escola\/exposicao-de-posteres-no-video-hall-do-campus-politecnico\/\" data-type=\"page\" data-id=\"441\">Exposi\u00e7\u00e3o de P\u00f3steres no videowall do Campus Polit\u00e9cnico<\/a><\/p>\r\n\r\n\r\n\r\n<p>26 junho &#8211; <a href=\"https:\/\/collaboro.ipportalegre.pt\/ess\/projetos-da-tua-escola\/visita-de-estudo-a-eta-da-apartadura\/\" data-type=\"page\" data-id=\"386\">Visita de estudo `a ETA da Apartadura<\/a><\/p>\r\n\r\n\r\n\r\n<p>21 maio &#8211;<a href=\"https:\/\/collaboro.ipportalegre.pt\/ess\/projetos-da-tua-escola\/mobilidade-sustentavel-no-campus\/\" data-type=\"page\" data-id=\"379\">\u201cMobilidade sustent\u00e1vel no campus\u201d<\/a><\/p>\r\n\r\n\r\n\r\n<p>17 maio &#8211; <a href=\"https:\/\/collaboro.ipportalegre.pt\/ess\/projetos-da-tua-escola\/comemoracoes-do-dia-internacional-da-reciclagem\/\" data-type=\"page\" data-id=\"433\">Comemora\u00e7\u00f5es do dia Internacional da reciclagem<\/a><\/p>\r\n\r\n\r\n\r\n<p>maio &#8211; <a href=\"https:\/\/collaboro.ipportalegre.pt\/ess\/projetos-da-tua-escola\/partilha-de-fruta\/\" data-type=\"page\" data-id=\"429\">Partilha de fruta<\/a><\/p>\r\n\r\n\r\n\r\n<p>6 abril &#8211; <a href=\"https:\/\/collaboro.ipportalegre.pt\/ess\/projetos-da-tua-escola\/dia-mundial-do-exercicio-fisico-6-de-abril\/\" data-type=\"page\" data-id=\"391\">Dia Mundial do exerc\u00edcio f\u00edsico \u2013 6 de abril<\/a><\/p>\r\n\r\n\r\n\r\n<p>10 abril &#8211; <a href=\"https:\/\/collaboro.ipportalegre.pt\/ess\/projetos-da-tua-escola\/atividade-de-pintura-de-bancos-para-colocacao-no-espaco-exterior\/\" data-type=\"page\" data-id=\"415\">Atividade de Pintura de Bancos para coloca\u00e7\u00e3o no espa\u00e7o exterior.<\/a><\/p>\r\n\r\n\r\n\r\n<p>21 mar\u00e7o &#8211; <a href=\"https:\/\/collaboro.ipportalegre.pt\/ess\/projetos-da-tua-escola\/dia-mundial-da-arvore\/\" data-type=\"page\" data-id=\"379\">Dia Mundial da \u00e1rvore<\/a><\/p>\r\n\r\n\r\n\r\n<p>21 mar\u00e7o &#8211; <a href=\"https:\/\/collaboro.ipportalegre.pt\/ess\/projetos-da-tua-escola\/campanha-de-sensibilizacao-para-a-poupanca-de-agua\/\" data-type=\"page\" data-id=\"383\">Campanha de sensibiliza\u00e7\u00e3o para a poupan\u00e7a de \u00e1gua<\/a><\/p>\r\n\r\n\r\n\r\n<p>mar\u00e7o &#8211; <a href=\"https:\/\/collaboro.ipportalegre.pt\/ess\/projetos-da-tua-escola\/sinaletica-em-todos-os-pontos-de-fornecimento-de-agua-para-consumo\/\" data-type=\"page\" data-id=\"400\">Sinal\u00e9tica em todos os pontos de fornecimento de \u00e1gua para consumo<\/a><\/p>\r\n\r\n\r\n\r\n<p>27 de fevereiro &#8211; <a href=\"https:\/\/collaboro.ipportalegre.pt\/ess\/projetos-da-tua-escola\/atividade-de-educacao-alimentar-2\/\" data-type=\"page\" data-id=\"368\">Atividade de educa\u00e7\u00e3o alimentar<\/a><\/p>\r\n\r\n\r\n\r\n\r\n\r\n\r\n\r\n<p><strong>ATIVIDADES 2022\/2023<\/strong><\/p>\r\n\r\n\r\n\r\n\r\n\r\n\r\n\r\n<p>22 novembro &#8211; <a href=\"https:\/\/collaboro.ipportalegre.pt\/ess\/projetos-da-tua-escola\/preparacao-do-campo-desportivo-para-a-pratica-de-volleibol\/\" data-type=\"page\" data-id=\"410\">Prepara\u00e7\u00e3o do Campo Desportivo para a pratica de volleibol<\/a><\/p>\r\n\r\n\r\n\r\n<p>julho &#8211; <a href=\"https:\/\/collaboro.ipportalegre.pt\/ess\/projetos-da-tua-escola\/aprovada-a-candidatura-ess-ao-galardao-eco-escolas\/\" data-type=\"page\" data-id=\"365\">Aprovada a candidatura ESS ao Galard\u00e3o Eco-Escolas<\/a><\/p>\r\n\r\n\r\n\r\n<p>5 junho &#8211; <a href=\"https:\/\/collaboro.ipportalegre.pt\/ess\/projetos-da-tua-escola\/inauguracao-eco-trilho\/\" data-type=\"page\" data-id=\"361\">Inaugura\u00e7\u00e3o Eco-trilho<\/a><\/p>\r\n\r\n\r\n\r\n<p>maio\/junho &#8211; <a href=\"https:\/\/collaboro.ipportalegre.pt\/ess\/projetos-da-tua-escola\/dias-do-ambiente\/\" data-type=\"page\" data-id=\"357\">Dias do ambiente<\/a> &#8211; Palestras, exposi\u00e7\u00f5es, passeios pedestres<\/p>\r\n\r\n\r\n\r\n<p>maio &#8211; <a href=\"https:\/\/collaboro.ipportalegre.pt\/ess\/projetos-da-tua-escola\/recolha-de-residuos-mais-eco-no-campus\/\" data-type=\"page\" data-id=\"352\">Recolha de res\u00edduos mais eco, no campus!<\/a><\/p>\r\n\r\n\r\n\r\n<p>10 de maio &#8211; <a href=\"https:\/\/collaboro.ipportalegre.pt\/ess\/projetos-da-tua-escola\/acao-de-sensibilizacao-sobre-consumo-responsavel-da-utilizacao-da-agua-aguas-do-vale-do-tejo\/\" data-type=\"page\" data-id=\"317\">A\u00e7\u00e3o de sensibiliza\u00e7\u00e3o sobre consumo respons\u00e1vel da utiliza\u00e7\u00e3o da \u00e1gua \u2013 \u00c1guas do Vale do Tejo<\/a><\/p>\r\n\r\n\r\n\r\n<p>11 de abril &#8211; <a href=\"https:\/\/collaboro.ipportalegre.pt\/ess\/projetos-da-tua-escola\/onde-estiver-recicle-sempre\/\" data-type=\"page\" data-id=\"340\">Forma\u00e7\u00e3o &#8220;Onde estiver, recicle sempre\u201d<\/a><\/p>\r\n\r\n\r\n\r\n<p>22 de mar\u00e7o &#8211; <a href=\"http:\/\/collaboro.ipportalegre.pt\/ess\/projetos-da-tua-escola\/resultados-do-desafio-divulga-uma-arvore\/\" data-type=\"page\" data-id=\"267\">Resultados do desafio \u201cDivulga uma \u00e1rvore\u201d<\/a><\/p>\r\n\r\n\r\n\r\n<p>21 de mar\u00e7o &#8211; <a href=\"http:\/\/collaboro.ipportalegre.pt\/ess\/projetos-da-tua-escola\/comemoracao-do-dia-mundial-da-arvore-21-de-marco\/\" data-type=\"page\" data-id=\"251\">\u201cComemora\u00e7\u00e3o do dia da \u00e1rvore\u201d \u2013 21 de mar\u00e7o<\/a><\/p>\r\n\r\n\r\n\r\n<p>20 de mar\u00e7o &#8211; <a href=\"http:\/\/collaboro.ipportalegre.pt\/ess\/projetos-da-tua-escola\/divulga-uma-arvore\/\" data-type=\"page\" data-id=\"236\">Desafio \u2013 Divulga uma \u00e1rvore<\/a><\/p>\r\n\r\n\r\n\r\n<p>9 de mar\u00e7o &#8211; <a href=\"http:\/\/collaboro.ipportalegre.pt\/ess\/projetos-da-tua-escola\/workshop-de-construcao-de-ninhos\/\" data-type=\"page\" data-id=\"283\">Workshop de constru\u00e7\u00e3o de ninhos<\/a><\/p>\r\n\r\n\r\n\r\n<p>27 de fevereiro &#8211; <a href=\"https:\/\/collaboro.ipportalegre.pt\/ess\/projetos-da-tua-escola\/dia-internacional-da-reciclagem\/\" data-type=\"page\" data-id=\"368\">Atividade de educa\u00e7\u00e3o alimentar<\/a><\/p>\r\n\r\n\r\n\r\n<p>Janeiro &#8211; <a href=\"https:\/\/collaboro.ipportalegre.pt\/ess\/projetos-da-tua-escola\/desenvolvimento-de-posters-sobre-os-aditivos-alimentares-dos-lanches-dos-estudantes-do-3o-ano-de-clenfermagem\/\" data-type=\"page\" data-id=\"322\">Desenvolvimento de Posters sobre os aditivos alimentares dos lanches dos estudantes do 3\u00ba ano de CLEnfermagem<\/a><\/p>\r\n\r\n\r\n\r\n\r\n\r\n<p><strong>ATIVIDADES 2021\/2022<\/strong><\/p>\r\n\r\n\r\n\r\n<p>6 de dezembro &#8211; <strong><a href=\"http:\/\/collaboro.ipportalegre.pt\/ess\/projetos-da-tua-escola\/acao-de-sensibilizacao-o-correto-uso-da-agua\/\" data-type=\"page\" data-id=\"194\">A\u00e7\u00e3o de sensibiliza\u00e7\u00e3o: &#8220;O correto uso da \u00e1gua&#8221;<\/a><\/strong><\/p>\r\n\r\n\r\n\r\n<p>24 de novembro &#8211; <strong><a href=\"http:\/\/collaboro.ipportalegre.pt\/ess\/projetos-da-tua-escola\/acao-de-sensibilizacao-separacao-e-encaminhamento-de-residuos\/\" data-type=\"page\" data-id=\"190\">A\u00e7\u00e3o de sensibiliza\u00e7\u00e3o: \u201cSepara\u00e7\u00e3o e encaminhamento de res\u00edduos\u201d<\/a><\/strong><\/p>\r\n\r\n\r\n\r\n<p>10 de novembro &#8211; <strong><a href=\"http:\/\/collaboro.ipportalegre.pt\/ess\/projetos-da-tua-escola\/epal\/\" data-type=\"page\" data-id=\"123\">Escola Superior de Sa\u00fade adere \u00e0 campanha de consumo de \u00e1gua da torneira da EPAL<\/a><\/strong><\/p>\r\n\r\n\r\n\r\n<p>19 de outubro &#8211; <strong><a href=\"http:\/\/collaboro.ipportalegre.pt\/ess\/projetos-da-tua-escola\/escola-superior-de-saude-ipp-obtem-o-galardao-bandeira-verde-ano-letivo-2021-2022\/\" data-type=\"page\" data-id=\"186\">Escola Superior de Sa\u00fade &#8211; IPP obt\u00e9m o Galard\u00e3o Bandeira Verde &#8211; ano letivo 2021-2022 <\/a><\/strong><\/p>\r\n\r\n\r\n\r\n<p>16 de outubro &#8211; <strong><a href=\"http:\/\/collaboro.ipportalegre.pt\/ess\/projetos-da-tua-escola\/dia-internacional-da-alimentacao\/\" data-type=\"page\" data-id=\"136\">Dia Internacional da Alimenta\u00e7\u00e3o Saud\u00e1vel<\/a><\/strong><\/p>\r\n","protected":false},"excerpt":{"rendered":"<p>ATIVIDADES 2024\/2025 2025 Maio &#8211; Dias do Ambiente 2025* Remo\u00e7\u00e3o de Esp\u00e9cies Ex\u00f3ticas no PNSSM Janeiro 2025- Visita a uma gr\u00e1fica sustent\u00e1vel- Lapp\u00ed Calipolense Dezembro 2024 &#8211; Almo\u00e7o de Natal &#8230;<\/p>\n","protected":false},"author":1,"featured_media":219,"parent":0,"menu_order":0,"comment_status":"closed","ping_status":"closed","template":"","meta":{"inline_featured_image":false,"footnotes":""},"class_list":["post-119","page","type-page","status-publish","has-post-thumbnail","hentry"],"_links":{"self":[{"href":"https:\/\/collaboro.ipportalegre.pt\/ess\/wp-json\/wp\/v2\/pages\/119","targetHints":{"allow":["GET"]}}],"collection":[{"href":"https:\/\/collaboro.ipportalegre.pt\/ess\/wp-json\/wp\/v2\/pages"}],"about":[{"href":"https:\/\/collaboro.ipportalegre.pt\/ess\/wp-json\/wp\/v2\/types\/page"}],"author":[{"embeddable":true,"href":"https:\/\/collaboro.ipportalegre.pt\/ess\/wp-json\/wp\/v2\/users\/1"}],"replies":[{"embeddable":true,"href":"https:\/\/collaboro.ipportalegre.pt\/ess\/wp-json\/wp\/v2\/comments?post=119"}],"version-history":[{"count":36,"href":"https:\/\/collaboro.ipportalegre.pt\/ess\/wp-json\/wp\/v2\/pages\/119\/revisions"}],"predecessor-version":[{"id":473,"href":"https:\/\/collaboro.ipportalegre.pt\/ess\/wp-json\/wp\/v2\/pages\/119\/revisions\/473"}],"wp:featuredmedia":[{"embeddable":true,"href":"https:\/\/collaboro.ipportalegre.pt\/ess\/wp-json\/wp\/v2\/media\/219"}],"wp:attachment":[{"href":"https:\/\/collaboro.ipportalegre.pt\/ess\/wp-json\/wp\/v2\/media?parent=119"}],"curies":[{"name":"wp","href":"https:\/\/api.w.org\/{rel}","templated":true}]}}