{"id":214,"date":"2022-10-13T08:43:16","date_gmt":"2022-10-13T08:43:16","guid":{"rendered":"http:\/\/collaboro.ipportalegre.pt\/ecocampuspolitecnico\/?page_id=214"},"modified":"2026-03-20T11:21:44","modified_gmt":"2026-03-20T11:21:44","slug":"projetos-do-teu-campus","status":"publish","type":"page","link":"https:\/\/collaboro.ipportalegre.pt\/ecocampuspolitecnico\/projetos-do-teu-campus\/","title":{"rendered":"Eco-Projetos do teu Campus"},"content":{"rendered":"\n<p><\/p>\n\n\n\n<p><strong><strong><strong>2025\/202<\/strong><\/strong>6<\/strong><\/p>\n\n\n\n<p>PLANO DE A\u00c7\u00d5ES <a href=\"https:\/\/collaboro.ipportalegre.pt\/ecocampuspolitecnico\/projetos-do-teu-campus\/plano-de-acoes-25-26\/\" data-type=\"page\" data-id=\"1523\">2025\/2026<\/a><\/p>\n\n\n\n<p><\/p>\n\n\n\n<p>Mar\u00e7o 2026 &#8211; <strong><a href=\"https:\/\/collaboro.ipportalegre.pt\/ecocampuspolitecnico\/projetos-do-teu-campus\/troca-doacao-de-plantas\/\" data-type=\"page\" data-id=\"1460\">Dia Internacional da \u00c1rvore e da \u00c1gua_ Troca de Plantas<\/a><\/strong><\/p>\n\n\n\n<p>Mar\u00e7o 2026 &#8211; <strong><a href=\"https:\/\/collaboro.ipportalegre.pt\/ecocampuspolitecnico\/projetos-do-teu-campus\/ecowaste_-a-tua-garrafa-para-a-recolha-de-oleos-alimentares\/\" data-type=\"page\" data-id=\"1456\">Programa Prio Ecowaste<\/a><\/strong><\/p>\n\n\n\n<p>Dezembro 2025 &#8211; <strong><a href=\"https:\/\/collaboro.ipportalegre.pt\/ecocampuspolitecnico\/projetos-do-teu-campus\/almoco-de-natal-intercultural-2025\/\" data-type=\"link\" data-id=\"https:\/\/collaboro.ipportalegre.pt\/ecocampuspolitecnico\/projetos-do-teu-campus\/almoco-de-natal-intercultural-2025\/\">Almo\u00e7o de Natal Intercultural 2025<\/a><\/strong><\/p>\n\n\n\n<p>Dezembro 2025 &#8211;<a href=\"https:\/\/collaboro.ipportalegre.pt\/ecocampuspolitecnico\/projetos-do-teu-campus\/bandeira-verde-2025\/\" data-type=\"page\" data-id=\"1398\"> <strong>Galard\u00e3o EcoCampus<\/strong><\/a><\/p>\n\n\n\n<p class=\"has-small-font-size\">Novembro 2025 &#8211; <strong><a href=\"https:\/\/collaboro.ipportalegre.pt\/ecocampuspolitecnico\/projetos-do-teu-campus\/dia-da-floresta-autoctone-2025\/\">Dia da Floresta Aut\u00f3ctone<\/a><\/strong><\/p>\n\n\n\n<p><br><strong>2024\/2025<\/strong><\/p>\n\n\n\n<p class=\"has-small-font-size\">Maio 2025 &#8211; <strong><a href=\"https:\/\/collaboro.ipportalegre.pt\/ecocampuspolitecnico\/projetos-do-teu-campus\/dias-do-ambiente-2025-documentario-coa-mais-selvagem\/\" data-type=\"page\" data-id=\"1372\">Dias do Ambiente 2025* Document\u00e1rio &#8220;C\u00f4a Mais Selvagem&#8221;<\/a><\/strong><\/p>\n\n\n\n<p class=\"has-small-font-size\">Maio 2025 &#8211; <strong><a href=\"https:\/\/collaboro.ipportalegre.pt\/ecocampuspolitecnico\/projetos-do-teu-campus\/dias-do-ambiente-2025-remocao-invasoras-pnssm\/\" data-type=\"page\" data-id=\"1343\">Dias do Ambiente 2025* EcoPiquenique<\/a><\/strong><\/p>\n\n\n\n<p class=\"has-small-font-size\">Maio 2025 &#8211; <strong><a href=\"https:\/\/collaboro.ipportalegre.pt\/ecocampuspolitecnico\/projetos-do-teu-campus\/dias-do-ambiente-2025-remocao-invasoras-pnssm-3\/\" data-type=\"page\" data-id=\"1356\">Dias do Ambiente 2025* Workshop de Fotografia com Ricardo Louren\u00e7o<\/a><\/strong><\/p>\n\n\n\n<p class=\"has-small-font-size\">Maio 2025 &#8211; <strong><a href=\"https:\/\/collaboro.ipportalegre.pt\/estg\/projetos-da-tua-escola\/dias-do-ambiente-2025-remocao-de-especies-exoticas-no-pnssm\/\" data-type=\"page\" data-id=\"1328\">Dias do Ambiente 2025* Remo\u00e7\u00e3o de Esp\u00e9cies Ex\u00f3ticas PNSSM<\/a><\/strong><\/p>\n\n\n\n<p class=\"has-small-font-size\">Janeiro 2025 &#8211; <a href=\"https:\/\/collaboro.ipportalegre.pt\/ecocampuspolitecnico\/projetos-da-tua-escola\/visita-grafica-sustentavel-lappi-calipolense\/\" data-type=\"page\" data-id=\"1223\"><strong>Visita a uma gr\u00e1fica sustent\u00e1vel- Lapp\u00ed Calipolense<\/strong><\/a><\/p>\n\n\n\n<p class=\"has-small-font-size\">Dezembro 2024 &#8211; <strong><a href=\"https:\/\/collaboro.ipportalegre.pt\/ecocampuspolitecnico\/projetos-da-tua-escola\/almoco-de-natal-intercultural\/\">Almo\u00e7o de Natal Intercultural 2024<\/a><\/strong><\/p>\n\n\n\n<p class=\"has-small-font-size\">Dezembro 2024 &#8211; <a href=\"https:\/\/collaboro.ipportalegre.pt\/ecocampuspolitecnico\/projetos-da-tua-escola\/dia-da-floresta-autoctone-2\/\"><strong>Galard\u00e3o EcoCampus 2024<\/strong><\/a><\/p>\n\n\n\n<p class=\"has-small-font-size\">Novembro 2024 &#8211; <strong><a href=\"https:\/\/collaboro.ipportalegre.pt\/ecocampuspolitecnico\/projetos-da-tua-escola\/dendrometria-de-choupos\/\">Dendrometria de Choupos no Campus<\/a><\/strong><\/p>\n\n\n\n<p class=\"has-small-font-size\">Novembro 2024 &#8211; <a href=\"https:\/\/collaboro.ipportalegre.pt\/ecocampuspolitecnico\/projetos-da-tua-escola\/dia-da-crianca-africana\/\"><strong>Dia da Crian\u00e7a Africana\/ Fotopalestra com Jos\u00e9 Matos Alves<\/strong><\/a><\/p>\n\n\n\n<p class=\"has-small-font-size\">Novembro 2024 &#8211; <a href=\"https:\/\/collaboro.ipportalegre.pt\/ecocampuspolitecnico\/projetos-da-tua-escola\/visita-a-valnor\/\"><strong>Visita de Estudo \u00e0 Valnor<\/strong><\/a><\/p>\n\n\n\n<p class=\"has-small-font-size\">Novembro 2024 &#8211; <a href=\"https:\/\/collaboro.ipportalegre.pt\/ecocampuspolitecnico\/projetos-da-tua-escola\/dia-da-floresta-autoctone\/\"><strong>Dia da Floresta Aut\u00f3ctone\/ 23 de novembro<\/strong><\/a><\/p>\n\n\n\n<div style=\"height:100px\" aria-hidden=\"true\" class=\"wp-block-spacer\"><\/div>\n","protected":false},"excerpt":{"rendered":"<p>2025\/2026 PLANO DE A\u00c7\u00d5ES 2025\/2026 Mar\u00e7o 2026 &#8211; Dia Internacional da \u00c1rvore e da \u00c1gua_ Troca de Plantas Mar\u00e7o 2026 &#8211; Programa Prio Ecowaste Dezembro 2025 &#8211; Almo\u00e7o de Natal &#8230;<\/p>\n","protected":false},"author":1,"featured_media":147,"parent":0,"menu_order":0,"comment_status":"closed","ping_status":"closed","template":"","meta":{"inline_featured_image":false,"footnotes":""},"class_list":["post-214","page","type-page","status-publish","has-post-thumbnail","hentry"],"_links":{"self":[{"href":"https:\/\/collaboro.ipportalegre.pt\/ecocampuspolitecnico\/wp-json\/wp\/v2\/pages\/214","targetHints":{"allow":["GET"]}}],"collection":[{"href":"https:\/\/collaboro.ipportalegre.pt\/ecocampuspolitecnico\/wp-json\/wp\/v2\/pages"}],"about":[{"href":"https:\/\/collaboro.ipportalegre.pt\/ecocampuspolitecnico\/wp-json\/wp\/v2\/types\/page"}],"author":[{"embeddable":true,"href":"https:\/\/collaboro.ipportalegre.pt\/ecocampuspolitecnico\/wp-json\/wp\/v2\/users\/1"}],"replies":[{"embeddable":true,"href":"https:\/\/collaboro.ipportalegre.pt\/ecocampuspolitecnico\/wp-json\/wp\/v2\/comments?post=214"}],"version-history":[{"count":107,"href":"https:\/\/collaboro.ipportalegre.pt\/ecocampuspolitecnico\/wp-json\/wp\/v2\/pages\/214\/revisions"}],"predecessor-version":[{"id":1525,"href":"https:\/\/collaboro.ipportalegre.pt\/ecocampuspolitecnico\/wp-json\/wp\/v2\/pages\/214\/revisions\/1525"}],"wp:featuredmedia":[{"embeddable":true,"href":"https:\/\/collaboro.ipportalegre.pt\/ecocampuspolitecnico\/wp-json\/wp\/v2\/media\/147"}],"wp:attachment":[{"href":"https:\/\/collaboro.ipportalegre.pt\/ecocampuspolitecnico\/wp-json\/wp\/v2\/media?parent=214"}],"curies":[{"name":"wp","href":"https:\/\/api.w.org\/{rel}","templated":true}]}}