{"id":1411,"date":"2025-12-06T00:18:47","date_gmt":"2025-12-06T00:18:47","guid":{"rendered":"https:\/\/collaboro.ipportalegre.pt\/ecocampuspolitecnico\/?page_id=1411"},"modified":"2025-12-07T10:20:40","modified_gmt":"2025-12-07T10:20:40","slug":"dia-da-floresta-autoctone-2025","status":"publish","type":"page","link":"https:\/\/collaboro.ipportalegre.pt\/ecocampuspolitecnico\/projetos-do-teu-campus\/dia-da-floresta-autoctone-2025\/","title":{"rendered":"Dia da Floresta Aut\u00f3ctone 2025"},"content":{"rendered":"\n<div aria-hidden=\"true\" class=\"wp-block-spacer\"><\/div>\n\n\n\n<div style=\"height:30px\" aria-hidden=\"true\" class=\"wp-block-spacer\"><\/div>\n\n\n<div class=\"wp-block-image\">\n<figure class=\"alignleft size-full\"><img loading=\"lazy\" decoding=\"async\" width=\"1768\" height=\"1316\" src=\"https:\/\/collaboro.ipportalegre.pt\/ecocampuspolitecnico\/wp-content\/uploads\/sites\/9\/2025\/12\/WhatsApp-Image-2025-11-26-at-12.13.56.jpg\" alt=\"\" class=\"wp-image-1413\" srcset=\"https:\/\/collaboro.ipportalegre.pt\/ecocampuspolitecnico\/wp-content\/uploads\/sites\/9\/2025\/12\/WhatsApp-Image-2025-11-26-at-12.13.56.jpg 1768w, https:\/\/collaboro.ipportalegre.pt\/ecocampuspolitecnico\/wp-content\/uploads\/sites\/9\/2025\/12\/WhatsApp-Image-2025-11-26-at-12.13.56-300x223.jpg 300w, https:\/\/collaboro.ipportalegre.pt\/ecocampuspolitecnico\/wp-content\/uploads\/sites\/9\/2025\/12\/WhatsApp-Image-2025-11-26-at-12.13.56-1024x762.jpg 1024w, https:\/\/collaboro.ipportalegre.pt\/ecocampuspolitecnico\/wp-content\/uploads\/sites\/9\/2025\/12\/WhatsApp-Image-2025-11-26-at-12.13.56-768x572.jpg 768w, https:\/\/collaboro.ipportalegre.pt\/ecocampuspolitecnico\/wp-content\/uploads\/sites\/9\/2025\/12\/WhatsApp-Image-2025-11-26-at-12.13.56-1536x1143.jpg 1536w\" sizes=\"auto, (max-width: 1768px) 100vw, 1768px\" \/><figcaption class=\"wp-element-caption\">ICNF. Alunos do 4\u00ba ano da Escola B\u00e1sica da Corredoura. Portalegre<\/figcaption><\/figure>\n<\/div>\n\n\n<h2 class=\"wp-block-heading\" style=\"text-transform:uppercase\">dia da floresta aut\u00f3ctone<\/h2>\n\n\n\n<p class=\"has-luminous-vivid-orange-color has-text-color has-medium-font-size\">23 de novembro de 2025<\/p>\n\n\n\n<p>O Programa EcoCampus da Escola Superior de Tecnologia, Gest\u00e3o e Design, e da Escola Superior de Sa\u00fade, em conjunto com a Escola B\u00e1sica da Corredoura, e com o Instituto da Conserva\u00e7\u00e3o da Natureza e das Florestas (ICNF), celebraram o Dia da Floresta Aut\u00f3ctone, que em Portugal \u00e9 celebrado a 23 de novembro. A escolha da data justifica-se pelo facto desta ser a a \u00e9poca mais adequada \u00e0s condi\u00e7\u00f5es climat\u00e9ricas para a planta\u00e7\u00e3o de \u00e1rvores aut\u00f3ctones, como o sobreiro, o carvalho e o medronheiro, que s\u00e3o essenciais para a biodiversidade e ecossistemas do pa\u00eds.<\/p>\n\n\n\n<p>No Campus Polit\u00e9cnico celebr\u00e1mos a data com uma planta\u00e7\u00e3o de alfarrobeiras e de sobreiros, nos jardins do Campus, sob a orienta\u00e7\u00e3o do ICNF, com a ajuda dos alunos do 4\u00ba ano da Escola B\u00e1sica da Corredoura e com a cobertura fotogr\u00e1fica dos estudantes do 1\u00ba ano de Design de Anima\u00e7\u00e3o.<\/p>\n\n\n\n<h1 class=\"wp-block-heading\"><\/h1>\n\n\n<div class=\"wp-block-image\">\n<figure class=\"alignleft size-full\"><img loading=\"lazy\" decoding=\"async\" width=\"2560\" height=\"1707\" src=\"https:\/\/collaboro.ipportalegre.pt\/ecocampuspolitecnico\/wp-content\/uploads\/sites\/9\/2025\/12\/DSC_3571-scaled.jpg\" alt=\"\" class=\"wp-image-1415\" srcset=\"https:\/\/collaboro.ipportalegre.pt\/ecocampuspolitecnico\/wp-content\/uploads\/sites\/9\/2025\/12\/DSC_3571-scaled.jpg 2560w, https:\/\/collaboro.ipportalegre.pt\/ecocampuspolitecnico\/wp-content\/uploads\/sites\/9\/2025\/12\/DSC_3571-300x200.jpg 300w, https:\/\/collaboro.ipportalegre.pt\/ecocampuspolitecnico\/wp-content\/uploads\/sites\/9\/2025\/12\/DSC_3571-1024x683.jpg 1024w, https:\/\/collaboro.ipportalegre.pt\/ecocampuspolitecnico\/wp-content\/uploads\/sites\/9\/2025\/12\/DSC_3571-768x512.jpg 768w, https:\/\/collaboro.ipportalegre.pt\/ecocampuspolitecnico\/wp-content\/uploads\/sites\/9\/2025\/12\/DSC_3571-1536x1024.jpg 1536w, https:\/\/collaboro.ipportalegre.pt\/ecocampuspolitecnico\/wp-content\/uploads\/sites\/9\/2025\/12\/DSC_3571-2048x1365.jpg 2048w\" sizes=\"auto, (max-width: 2560px) 100vw, 2560px\" \/><figcaption class=\"wp-element-caption\">Alexandra Ribeiro. Design de Anima\u00e7\u00e3o 1\u00ba ano<\/figcaption><\/figure>\n<\/div>\n\n\n<p><\/p>\n\n\n<div class=\"wp-block-image\">\n<figure class=\"alignleft size-full\"><img loading=\"lazy\" decoding=\"async\" width=\"2560\" height=\"1707\" src=\"https:\/\/collaboro.ipportalegre.pt\/ecocampuspolitecnico\/wp-content\/uploads\/sites\/9\/2025\/12\/DSC_2601-scaled.jpg\" alt=\"\" class=\"wp-image-1416\" srcset=\"https:\/\/collaboro.ipportalegre.pt\/ecocampuspolitecnico\/wp-content\/uploads\/sites\/9\/2025\/12\/DSC_2601-scaled.jpg 2560w, https:\/\/collaboro.ipportalegre.pt\/ecocampuspolitecnico\/wp-content\/uploads\/sites\/9\/2025\/12\/DSC_2601-300x200.jpg 300w, https:\/\/collaboro.ipportalegre.pt\/ecocampuspolitecnico\/wp-content\/uploads\/sites\/9\/2025\/12\/DSC_2601-1024x683.jpg 1024w, https:\/\/collaboro.ipportalegre.pt\/ecocampuspolitecnico\/wp-content\/uploads\/sites\/9\/2025\/12\/DSC_2601-768x512.jpg 768w, https:\/\/collaboro.ipportalegre.pt\/ecocampuspolitecnico\/wp-content\/uploads\/sites\/9\/2025\/12\/DSC_2601-1536x1024.jpg 1536w, https:\/\/collaboro.ipportalegre.pt\/ecocampuspolitecnico\/wp-content\/uploads\/sites\/9\/2025\/12\/DSC_2601-2048x1365.jpg 2048w\" sizes=\"auto, (max-width: 2560px) 100vw, 2560px\" \/><figcaption class=\"wp-element-caption\">Duarte Bento. Design de Anima\u00e7\u00e3o 1\u00ba ano<\/figcaption><\/figure>\n<\/div>\n\n\n<p><\/p>\n\n\n\n<p><\/p>\n\n\n\n<p><\/p>\n\n\n\n<div class=\"wp-block-columns is-layout-flex wp-container-core-columns-is-layout-9d6595d7 wp-block-columns-is-layout-flex\">\n<div class=\"wp-block-column is-vertically-aligned-center is-layout-flow wp-block-column-is-layout-flow\" style=\"flex-basis:33.33%\">\n<div class=\"wp-block-group\"><div class=\"wp-block-group__inner-container is-layout-constrained wp-block-group-is-layout-constrained\">\n<p class=\"has-text-align-left\"><\/p>\n<\/div><\/div>\n<\/div>\n<\/div>\n\n\n\n<div style=\"height:50px\" aria-hidden=\"true\" class=\"wp-block-spacer\"><\/div>\n\n\n\n<p class=\"has-text-align-center\">Ver mais <strong><a href=\"https:\/\/collaboro.ipportalegre.pt\/ecocampuspolitecnico\/projetos-do-teu-campus\/\">PROJETOS DA TUA ESCOLA<\/a><\/strong><\/p>\n","protected":false},"excerpt":{"rendered":"<p>dia da floresta aut\u00f3ctone 23 de novembro de 2025 O Programa EcoCampus da Escola Superior de Tecnologia, Gest\u00e3o e Design, e da Escola Superior de Sa\u00fade, em conjunto com a &#8230;<\/p>\n","protected":false},"author":3,"featured_media":970,"parent":214,"menu_order":1,"comment_status":"closed","ping_status":"closed","template":"","meta":{"inline_featured_image":false,"footnotes":""},"class_list":["post-1411","page","type-page","status-publish","has-post-thumbnail","hentry"],"_links":{"self":[{"href":"https:\/\/collaboro.ipportalegre.pt\/ecocampuspolitecnico\/wp-json\/wp\/v2\/pages\/1411","targetHints":{"allow":["GET"]}}],"collection":[{"href":"https:\/\/collaboro.ipportalegre.pt\/ecocampuspolitecnico\/wp-json\/wp\/v2\/pages"}],"about":[{"href":"https:\/\/collaboro.ipportalegre.pt\/ecocampuspolitecnico\/wp-json\/wp\/v2\/types\/page"}],"author":[{"embeddable":true,"href":"https:\/\/collaboro.ipportalegre.pt\/ecocampuspolitecnico\/wp-json\/wp\/v2\/users\/3"}],"replies":[{"embeddable":true,"href":"https:\/\/collaboro.ipportalegre.pt\/ecocampuspolitecnico\/wp-json\/wp\/v2\/comments?post=1411"}],"version-history":[{"count":5,"href":"https:\/\/collaboro.ipportalegre.pt\/ecocampuspolitecnico\/wp-json\/wp\/v2\/pages\/1411\/revisions"}],"predecessor-version":[{"id":1434,"href":"https:\/\/collaboro.ipportalegre.pt\/ecocampuspolitecnico\/wp-json\/wp\/v2\/pages\/1411\/revisions\/1434"}],"up":[{"embeddable":true,"href":"https:\/\/collaboro.ipportalegre.pt\/ecocampuspolitecnico\/wp-json\/wp\/v2\/pages\/214"}],"wp:featuredmedia":[{"embeddable":true,"href":"https:\/\/collaboro.ipportalegre.pt\/ecocampuspolitecnico\/wp-json\/wp\/v2\/media\/970"}],"wp:attachment":[{"href":"https:\/\/collaboro.ipportalegre.pt\/ecocampuspolitecnico\/wp-json\/wp\/v2\/media?parent=1411"}],"curies":[{"name":"wp","href":"https:\/\/api.w.org\/{rel}","templated":true}]}}