{"id":1197,"date":"2024-12-09T20:39:53","date_gmt":"2024-12-09T20:39:53","guid":{"rendered":"https:\/\/collaboro.ipportalegre.pt\/ecocampuspolitecnico\/?page_id=1197"},"modified":"2025-05-12T09:48:23","modified_gmt":"2025-05-12T09:48:23","slug":"dia-da-crianca-africana","status":"publish","type":"page","link":"https:\/\/collaboro.ipportalegre.pt\/ecocampuspolitecnico\/projetos-do-teu-campus\/dia-da-crianca-africana\/","title":{"rendered":"Dia da crian\u00e7a africana"},"content":{"rendered":"\n<div aria-hidden=\"true\" class=\"wp-block-spacer\"><\/div>\n\n\n\n<div class=\"wp-block-group is-nowrap is-layout-flex wp-container-core-group-is-layout-ad2f72ca wp-block-group-is-layout-flex\">\n<div class=\"wp-block-group is-nowrap is-layout-flex wp-container-core-group-is-layout-d653275e wp-block-group-is-layout-flex\">\n<div class=\"wp-block-group\"><div class=\"wp-block-group__inner-container is-layout-constrained wp-block-group-is-layout-constrained\">\n<div class=\"wp-block-columns is-layout-flex wp-container-core-columns-is-layout-9d6595d7 wp-block-columns-is-layout-flex\">\n<div class=\"wp-block-column is-layout-flow wp-block-column-is-layout-flow\" style=\"flex-basis:50%\">\n<figure class=\"wp-block-image size-large\"><img loading=\"lazy\" decoding=\"async\" width=\"1024\" height=\"1024\" src=\"https:\/\/collaboro.ipportalegre.pt\/ecocampuspolitecnico\/wp-content\/uploads\/sites\/9\/2024\/12\/IMG-20241121-WA0000-3-1024x1024.jpg\" alt=\"\" class=\"wp-image-1198\" srcset=\"https:\/\/collaboro.ipportalegre.pt\/ecocampuspolitecnico\/wp-content\/uploads\/sites\/9\/2024\/12\/IMG-20241121-WA0000-3-1024x1024.jpg 1024w, https:\/\/collaboro.ipportalegre.pt\/ecocampuspolitecnico\/wp-content\/uploads\/sites\/9\/2024\/12\/IMG-20241121-WA0000-3-300x300.jpg 300w, https:\/\/collaboro.ipportalegre.pt\/ecocampuspolitecnico\/wp-content\/uploads\/sites\/9\/2024\/12\/IMG-20241121-WA0000-3-150x150.jpg 150w, https:\/\/collaboro.ipportalegre.pt\/ecocampuspolitecnico\/wp-content\/uploads\/sites\/9\/2024\/12\/IMG-20241121-WA0000-3-768x768.jpg 768w, https:\/\/collaboro.ipportalegre.pt\/ecocampuspolitecnico\/wp-content\/uploads\/sites\/9\/2024\/12\/IMG-20241121-WA0000-3-1536x1536.jpg 1536w, https:\/\/collaboro.ipportalegre.pt\/ecocampuspolitecnico\/wp-content\/uploads\/sites\/9\/2024\/12\/IMG-20241121-WA0000-3.jpg 1600w\" sizes=\"auto, (max-width: 1024px) 100vw, 1024px\" \/><\/figure>\n<\/div>\n\n\n\n<div class=\"wp-block-column is-vertically-aligned-stretch is-layout-flow wp-block-column-is-layout-flow\" style=\"flex-basis:50%\">\n<figure class=\"wp-block-gallery has-nested-images columns-default is-cropped wp-block-gallery-1 is-layout-flex wp-block-gallery-is-layout-flex\">\n<figure class=\"wp-block-image size-full is-style-default\"><img loading=\"lazy\" decoding=\"async\" width=\"1058\" height=\"705\" data-id=\"1199\" src=\"https:\/\/collaboro.ipportalegre.pt\/ecocampuspolitecnico\/wp-content\/uploads\/sites\/9\/2024\/12\/df0013_d8843c485c9547aca20d7f6096a945bbmv2-2.webp\" alt=\"\" class=\"wp-image-1199\" srcset=\"https:\/\/collaboro.ipportalegre.pt\/ecocampuspolitecnico\/wp-content\/uploads\/sites\/9\/2024\/12\/df0013_d8843c485c9547aca20d7f6096a945bbmv2-2.webp 1058w, https:\/\/collaboro.ipportalegre.pt\/ecocampuspolitecnico\/wp-content\/uploads\/sites\/9\/2024\/12\/df0013_d8843c485c9547aca20d7f6096a945bbmv2-2-300x200.webp 300w, https:\/\/collaboro.ipportalegre.pt\/ecocampuspolitecnico\/wp-content\/uploads\/sites\/9\/2024\/12\/df0013_d8843c485c9547aca20d7f6096a945bbmv2-2-1024x682.webp 1024w, https:\/\/collaboro.ipportalegre.pt\/ecocampuspolitecnico\/wp-content\/uploads\/sites\/9\/2024\/12\/df0013_d8843c485c9547aca20d7f6096a945bbmv2-2-768x512.webp 768w\" sizes=\"auto, (max-width: 1058px) 100vw, 1058px\" \/><figcaption class=\"wp-element-caption\">Ribeira de Barcas\/Santiago. Jos\u00e9 Matos Alves<\/figcaption><\/figure>\n<\/figure>\n<\/div>\n<\/div>\n<\/div><\/div>\n<\/div>\n<\/div>\n\n\n\n<p>Jos\u00e9 Matos Alves. Fotografia de Pedro Matos<\/p>\n\n\n\n<p class=\"has-text-align-center has-small-font-size\"><\/p>\n\n\n\n<p class=\"has-text-align-center has-small-font-size\"><\/p>\n\n\n\n<div style=\"height:50px\" aria-hidden=\"true\" class=\"wp-block-spacer\"><\/div>\n\n\n\n<h2 class=\"wp-block-heading\" style=\"text-transform:uppercase\">dia da crian\u00e7a africana<\/h2>\n\n\n\n<p class=\"has-text-color has-medium-font-size\" style=\"color:#fdc300\">Fotopalestra de Jos\u00e9 Matos Alves<\/p>\n\n\n\n<p><\/p>\n\n\n\n<div class=\"wp-block-columns is-layout-flex wp-container-core-columns-is-layout-9d6595d7 wp-block-columns-is-layout-flex\">\n<div class=\"wp-block-column is-layout-flow wp-block-column-is-layout-flow\" style=\"flex-basis:100%\">\n<p>No dia 20 do novembro comemora-se o Dia da Crian\u00e7a Africana. Os estudantes de Engenharia de Produ\u00e7\u00e3o de Biocombust\u00edveis e o programa EcoCampus assinalam o dia com uma palestra e apresenta\u00e7\u00e3o de fotografias do fot\u00f3grafo Jos\u00e9 Matos Alves, que realizou durante o longo per\u00edodo que passou em Cabo Verde.<\/p>\n\n\n\n<p>Obrigada Jos\u00e9 Matos Alves pelo excelente trabalhou que nos apresentou!  <\/p>\n\n\n\n<p><\/p>\n\n\n\n<p><\/p>\n<\/div>\n<\/div>\n\n\n\n<div style=\"height:50px\" aria-hidden=\"true\" class=\"wp-block-spacer\"><\/div>\n\n\n\n<p class=\"has-text-align-center\">Ver mais <strong><a href=\"http:\/\/collaboro.ipportalegre.pt\/ecocampuspolitecnico\/projetos-da-tua-escola\/\" data-type=\"page\" data-id=\"214\">PROJETOS DA TUA ESCOLA<\/a><\/strong><\/p>\n","protected":false},"excerpt":{"rendered":"<p>Jos\u00e9 Matos Alves. Fotografia de Pedro Matos dia da crian\u00e7a africana Fotopalestra de Jos\u00e9 Matos Alves No dia 20 do novembro comemora-se o Dia da Crian\u00e7a Africana. Os estudantes de &#8230;<\/p>\n","protected":false},"author":3,"featured_media":0,"parent":214,"menu_order":1,"comment_status":"closed","ping_status":"closed","template":"","meta":{"inline_featured_image":false,"footnotes":"[]"},"class_list":["post-1197","page","type-page","status-publish","hentry"],"_links":{"self":[{"href":"https:\/\/collaboro.ipportalegre.pt\/ecocampuspolitecnico\/wp-json\/wp\/v2\/pages\/1197","targetHints":{"allow":["GET"]}}],"collection":[{"href":"https:\/\/collaboro.ipportalegre.pt\/ecocampuspolitecnico\/wp-json\/wp\/v2\/pages"}],"about":[{"href":"https:\/\/collaboro.ipportalegre.pt\/ecocampuspolitecnico\/wp-json\/wp\/v2\/types\/page"}],"author":[{"embeddable":true,"href":"https:\/\/collaboro.ipportalegre.pt\/ecocampuspolitecnico\/wp-json\/wp\/v2\/users\/3"}],"replies":[{"embeddable":true,"href":"https:\/\/collaboro.ipportalegre.pt\/ecocampuspolitecnico\/wp-json\/wp\/v2\/comments?post=1197"}],"version-history":[{"count":3,"href":"https:\/\/collaboro.ipportalegre.pt\/ecocampuspolitecnico\/wp-json\/wp\/v2\/pages\/1197\/revisions"}],"predecessor-version":[{"id":1318,"href":"https:\/\/collaboro.ipportalegre.pt\/ecocampuspolitecnico\/wp-json\/wp\/v2\/pages\/1197\/revisions\/1318"}],"up":[{"embeddable":true,"href":"https:\/\/collaboro.ipportalegre.pt\/ecocampuspolitecnico\/wp-json\/wp\/v2\/pages\/214"}],"wp:attachment":[{"href":"https:\/\/collaboro.ipportalegre.pt\/ecocampuspolitecnico\/wp-json\/wp\/v2\/media?parent=1197"}],"curies":[{"name":"wp","href":"https:\/\/api.w.org\/{rel}","templated":true}]}}