{"id":1094,"date":"2024-12-09T17:48:02","date_gmt":"2024-12-09T17:48:02","guid":{"rendered":"https:\/\/collaboro.ipportalegre.pt\/ecocampuspolitecnico\/?page_id=1094"},"modified":"2025-05-12T09:45:48","modified_gmt":"2025-05-12T09:45:48","slug":"dia-da-floresta-autoctone","status":"publish","type":"page","link":"https:\/\/collaboro.ipportalegre.pt\/ecocampuspolitecnico\/projetos-do-teu-campus\/dia-da-floresta-autoctone\/","title":{"rendered":"Dia da floresta aut\u00f3ctone"},"content":{"rendered":"\n<div aria-hidden=\"true\" class=\"wp-block-spacer\"><\/div>\n\n\n\n<figure class=\"wp-block-gallery has-nested-images columns-default is-cropped wp-block-gallery-1 is-layout-flex wp-block-gallery-is-layout-flex\">\n<figure class=\"wp-block-image size-large\"><img loading=\"lazy\" decoding=\"async\" width=\"1024\" height=\"683\" data-id=\"1097\" src=\"https:\/\/collaboro.ipportalegre.pt\/ecocampuspolitecnico\/wp-content\/uploads\/sites\/9\/2024\/12\/DSC_5478-1-2-3-2-1-1024x683.jpg\" alt=\"\" class=\"wp-image-1097\" srcset=\"https:\/\/collaboro.ipportalegre.pt\/ecocampuspolitecnico\/wp-content\/uploads\/sites\/9\/2024\/12\/DSC_5478-1-2-3-2-1-1024x683.jpg 1024w, https:\/\/collaboro.ipportalegre.pt\/ecocampuspolitecnico\/wp-content\/uploads\/sites\/9\/2024\/12\/DSC_5478-1-2-3-2-1-300x200.jpg 300w, https:\/\/collaboro.ipportalegre.pt\/ecocampuspolitecnico\/wp-content\/uploads\/sites\/9\/2024\/12\/DSC_5478-1-2-3-2-1-768x512.jpg 768w, https:\/\/collaboro.ipportalegre.pt\/ecocampuspolitecnico\/wp-content\/uploads\/sites\/9\/2024\/12\/DSC_5478-1-2-3-2-1-1536x1024.jpg 1536w, https:\/\/collaboro.ipportalegre.pt\/ecocampuspolitecnico\/wp-content\/uploads\/sites\/9\/2024\/12\/DSC_5478-1-2-3-2-1-2048x1365.jpg 2048w\" sizes=\"auto, (max-width: 1024px) 100vw, 1024px\" \/><\/figure>\n\n\n\n<figure class=\"wp-block-image size-large\"><img loading=\"lazy\" decoding=\"async\" width=\"1024\" height=\"683\" data-id=\"1095\" src=\"https:\/\/collaboro.ipportalegre.pt\/ecocampuspolitecnico\/wp-content\/uploads\/sites\/9\/2024\/12\/DSC_5049-1024x683.jpg\" alt=\"\" class=\"wp-image-1095\" srcset=\"https:\/\/collaboro.ipportalegre.pt\/ecocampuspolitecnico\/wp-content\/uploads\/sites\/9\/2024\/12\/DSC_5049-1024x683.jpg 1024w, https:\/\/collaboro.ipportalegre.pt\/ecocampuspolitecnico\/wp-content\/uploads\/sites\/9\/2024\/12\/DSC_5049-300x200.jpg 300w, https:\/\/collaboro.ipportalegre.pt\/ecocampuspolitecnico\/wp-content\/uploads\/sites\/9\/2024\/12\/DSC_5049-768x512.jpg 768w, https:\/\/collaboro.ipportalegre.pt\/ecocampuspolitecnico\/wp-content\/uploads\/sites\/9\/2024\/12\/DSC_5049-1536x1025.jpg 1536w, https:\/\/collaboro.ipportalegre.pt\/ecocampuspolitecnico\/wp-content\/uploads\/sites\/9\/2024\/12\/DSC_5049-2048x1367.jpg 2048w\" sizes=\"auto, (max-width: 1024px) 100vw, 1024px\" \/><\/figure>\n<\/figure>\n\n\n\n<p class=\"has-text-align-center has-small-font-size\">Fotografias realizadas pelos estudantes do 1\u00ba ano do curso Design de Anima\u00e7\u00e3o<\/p>\n\n\n\n<div style=\"height:8px\" aria-hidden=\"true\" class=\"wp-block-spacer\"><\/div>\n\n\n\n<h2 class=\"wp-block-heading\" style=\"text-transform:uppercase\">Planta\u00e7\u00e3o de \u00e1rvores no Campus polit\u00e9cnico<\/h2>\n\n\n\n<p class=\"has-text-color has-medium-font-size\" style=\"color:#fdc300\">Dia da Floresta Aut\u00f3ctone | 23 de novembro<\/p>\n\n\n\n<p><\/p>\n\n\n\n<div class=\"wp-block-columns is-layout-flex wp-container-core-columns-is-layout-9d6595d7 wp-block-columns-is-layout-flex\">\n<div class=\"wp-block-column is-layout-flow wp-block-column-is-layout-flow\" style=\"flex-basis:100%\">\n<p>No \u00e2mbito da UC de Recursos Florestais, a Professora Orlanda P\u00f3voa, com a colabora\u00e7\u00e3o do Eng. Nuno Sequeira do ICNF, organizou uma planta\u00e7\u00e3o de \u00e1rvores e arbustos aut\u00f3ctones, assinalando o dia da Floresta Aut\u00f3ctone, mostrando deste modo a import\u00e2ncia da preserva\u00e7\u00e3o destas esp\u00e9cies.<\/p>\n\n\n\n<p>Participaram no evento os alunos de Engenharia de Produ\u00e7\u00e3o de Biocombust\u00edveis e de Design de Anima\u00e7\u00e3o do Instituto Polit\u00e9cnico de Portalegre.<\/p>\n\n\n\n<p><\/p>\n\n\n\n<p><\/p>\n<\/div>\n<\/div>\n\n\n\n<div style=\"height:50px\" aria-hidden=\"true\" class=\"wp-block-spacer\"><\/div>\n\n\n\n<p class=\"has-text-align-center\">Ver mais <strong><a href=\"http:\/\/collaboro.ipportalegre.pt\/ecocampuspolitecnico\/projetos-da-tua-escola\/\" data-type=\"page\" data-id=\"214\">PROJETOS DA TUA ESCOLA<\/a><\/strong><\/p>\n","protected":false},"excerpt":{"rendered":"<p>Fotografias realizadas pelos estudantes do 1\u00ba ano do curso Design de Anima\u00e7\u00e3o Planta\u00e7\u00e3o de \u00e1rvores no Campus polit\u00e9cnico Dia da Floresta Aut\u00f3ctone | 23 de novembro No \u00e2mbito da UC &#8230;<\/p>\n","protected":false},"author":3,"featured_media":0,"parent":214,"menu_order":1,"comment_status":"closed","ping_status":"closed","template":"","meta":{"inline_featured_image":false,"footnotes":"[]"},"class_list":["post-1094","page","type-page","status-publish","hentry"],"_links":{"self":[{"href":"https:\/\/collaboro.ipportalegre.pt\/ecocampuspolitecnico\/wp-json\/wp\/v2\/pages\/1094","targetHints":{"allow":["GET"]}}],"collection":[{"href":"https:\/\/collaboro.ipportalegre.pt\/ecocampuspolitecnico\/wp-json\/wp\/v2\/pages"}],"about":[{"href":"https:\/\/collaboro.ipportalegre.pt\/ecocampuspolitecnico\/wp-json\/wp\/v2\/types\/page"}],"author":[{"embeddable":true,"href":"https:\/\/collaboro.ipportalegre.pt\/ecocampuspolitecnico\/wp-json\/wp\/v2\/users\/3"}],"replies":[{"embeddable":true,"href":"https:\/\/collaboro.ipportalegre.pt\/ecocampuspolitecnico\/wp-json\/wp\/v2\/comments?post=1094"}],"version-history":[{"count":4,"href":"https:\/\/collaboro.ipportalegre.pt\/ecocampuspolitecnico\/wp-json\/wp\/v2\/pages\/1094\/revisions"}],"predecessor-version":[{"id":1315,"href":"https:\/\/collaboro.ipportalegre.pt\/ecocampuspolitecnico\/wp-json\/wp\/v2\/pages\/1094\/revisions\/1315"}],"up":[{"embeddable":true,"href":"https:\/\/collaboro.ipportalegre.pt\/ecocampuspolitecnico\/wp-json\/wp\/v2\/pages\/214"}],"wp:attachment":[{"href":"https:\/\/collaboro.ipportalegre.pt\/ecocampuspolitecnico\/wp-json\/wp\/v2\/media?parent=1094"}],"curies":[{"name":"wp","href":"https:\/\/api.w.org\/{rel}","templated":true}]}}